{"id":32838,"date":"2020-04-28T14:08:42","date_gmt":"2020-04-28T11:08:42","guid":{"rendered":"http:\/\/www.eoc.ee\/?post_type=product&#038;p=32838"},"modified":"2021-03-06T16:02:39","modified_gmt":"2021-03-06T14:02:39","slug":"usk-ja-elu-nr-3-eraamat","status":"publish","type":"product","link":"https:\/\/www.eoc.ee\/fr\/pood\/usk-ja-elu-ajakirjad\/usk-ja-elu-nr-3-eraamat\/","title":{"rendered":"USK JA ELU \u00d5igeusu vaimulik ajakiri nr 3"},"content":{"rendered":"<p><strong>Toimetuse kolleegium:<\/strong> metropoliit Stefanus, arhimandriit prof. Grigorios Papathomas, \u00fclempreester Mattias Palli<br \/>\n<strong>Ilmumise kuup\u00e4ev:<\/strong> kevad 2007<br \/>\n<strong>Lehek\u00fclgi:<\/strong>\u00a0106<br \/>\n<strong>Formaat: <\/strong>paberajakiri ja PDF<br \/>\n<strong>ISSN:<\/strong> 1736-4000<\/p>\n","protected":false},"excerpt":{"rendered":"<div class=\"page\" title=\"Page 1\">\n<div class=\"layoutArea\">\n<div class=\"column\">\n<p>Selles numbris:<\/p>\n<\/div>\n<\/div>\n<div class=\"layoutArea\">\n<div class=\"column\">\n<ul>\n<li>\u00ab\u00a0Arta sild\u00a0\u00bb teoloogiline poeem<\/li>\n<li>\u00ab\u00a0Usunditevahelise dialoogi vajadus ja eesm\u00e4rgid\u00a0\u00bb <strong>patriarh Bartholomeos<\/strong><\/li>\n<li>\u00ab\u00a0\u00d5igeusu Kirik ja Euroopa \u00fclesehitamine: peibutis v\u00f5i tegelikkus?\u00a0\u00bb <strong>metropoliit Stefanus\u00a0<\/strong><\/li>\n<li>\u00ab\u00a0Kiriklusej\u00e4rgsel ajastul\u00a0\u00bb <strong>arhimandriit Grigorios Papathomas<\/strong><\/li>\n<li>150 aastat tagasi \u2013 paastumisest Riia vaimuliku seminari ajakirjas Jumala Kartuse Kool<\/li>\n<li>\u00ab\u00a0Jutlus paastuajaks\u00a0\u00bb <strong>P\u00fcha Basilius Suur<\/strong><\/li>\n<li>\u00ab\u00a0Ennep\u00fchitsetud andide liturgia\u00a0\u00bb <strong>Prof. Dr. Joannis Fountoulis<\/strong><\/li>\n<li>Kai Katariina Kuusingu kunst<\/li>\n<\/ul>\n<\/div>\n<\/div>\n<\/div>\n","protected":false},"featured_media":32824,"template":"","meta":{"_exactmetrics_skip_tracking":false,"_exactmetrics_sitenote_active":false,"_exactmetrics_sitenote_note":"","_exactmetrics_sitenote_category":0,"_monsterinsights_skip_tracking":false,"_monsterinsights_sitenote_active":false,"_monsterinsights_sitenote_note":"","_monsterinsights_sitenote_category":0},"product_brand":[],"product_cat":[260],"product_tag":[288,290,301,304,261,303,287,289],"class_list":{"0":"post-32838","1":"product","2":"type-product","3":"status-publish","4":"has-post-thumbnail","6":"product_cat-usk-ja-elu-ajakirjad","7":"product_tag-arhimandriit-grigorios-papathomas","8":"product_tag-joannis-fountoulis","9":"product_tag-jutlus","10":"product_tag-kai-katariina-kuusing","11":"product_tag-metropoliit-stefanus","12":"product_tag-paast","13":"product_tag-patriarh-bartholomeos","14":"product_tag-puha-basilius-suur","16":"first","17":"instock","18":"shipping-taxable","19":"purchasable","20":"product-type-variable"},"yoast_head":"<!-- This site is optimized with the Yoast SEO plugin v27.5 - https:\/\/yoast.com\/product\/yoast-seo-wordpress\/ -->\n<title>USK JA ELU \u00d5igeusu vaimulik ajakiri nr 3 &#8211; \u00c9glise Orthodoxe d&#039;Estonie<\/title>\n<meta name=\"robots\" content=\"index, follow, max-snippet:-1, max-image-preview:large, max-video-preview:-1\" \/>\n<link rel=\"canonical\" href=\"https:\/\/www.eoc.ee\/pood\/usk-ja-elu-ajakirjad\/usk-ja-elu-nr-3-eraamat\/\" \/>\n<meta property=\"og:locale\" content=\"fr_FR\" \/>\n<meta property=\"og:type\" content=\"article\" \/>\n<meta property=\"og:title\" content=\"USK JA ELU \u00d5igeusu vaimulik ajakiri nr 3 &#8211; \u00c9glise Orthodoxe d&#039;Estonie\" \/>\n<meta property=\"og:description\" content=\"Selles numbris:        &quot;Arta sild&quot; teoloogiline poeem  &quot;Usunditevahelise dialoogi vajadus ja eesm\u00e4rgid&quot; patriarh Bartholomeos  &quot;\u00d5igeusu Kirik ja Euroopa \u00fclesehitamine: peibutis v\u00f5i tegelikkus?&quot; metropoliit Stefanus\u00a0  &quot;Kiriklusej\u00e4rgsel ajastul&quot; arhimandriit Grigorios Papathomas  150 aastat tagasi \u2013 paastumisest Riia vaimuliku seminari ajakirjas Jumala Kartuse Kool  &quot;Jutlus paastuajaks&quot; P\u00fcha Basilius Suur  &quot;Ennep\u00fchitsetud andide liturgia&quot; Prof. Dr. Joannis Fountoulis  Kai Katariina Kuusingu kunst\" \/>\n<meta property=\"og:url\" content=\"https:\/\/www.eoc.ee\/pood\/usk-ja-elu-ajakirjad\/usk-ja-elu-nr-3-eraamat\/\" \/>\n<meta property=\"og:site_name\" content=\"\u00c9glise Orthodoxe d&#039;Estonie\" \/>\n<meta property=\"article:modified_time\" content=\"2021-03-06T14:02:39+00:00\" \/>\n<meta property=\"og:image\" content=\"https:\/\/www.eoc.ee\/wp-content\/uploads\/2020\/04\/Screenshot-2020-04-28-at-13.13.26.png\" \/>\n\t<meta property=\"og:image:width\" content=\"607\" \/>\n\t<meta property=\"og:image:height\" content=\"472\" \/>\n\t<meta property=\"og:image:type\" content=\"image\/png\" \/>\n<script type=\"application\/ld+json\" class=\"yoast-schema-graph\">{\"@context\":\"https:\\\/\\\/schema.org\",\"@graph\":[{\"@type\":\"WebPage\",\"@id\":\"https:\\\/\\\/www.eoc.ee\\\/pood\\\/usk-ja-elu-ajakirjad\\\/usk-ja-elu-nr-3-eraamat\\\/\",\"url\":\"https:\\\/\\\/www.eoc.ee\\\/pood\\\/usk-ja-elu-ajakirjad\\\/usk-ja-elu-nr-3-eraamat\\\/\",\"name\":\"USK JA ELU \u00d5igeusu vaimulik ajakiri nr 3 &#8211; \u00c9glise Orthodoxe d'Estonie\",\"isPartOf\":{\"@id\":\"https:\\\/\\\/www.eoc.ee\\\/#website\"},\"primaryImageOfPage\":{\"@id\":\"https:\\\/\\\/www.eoc.ee\\\/pood\\\/usk-ja-elu-ajakirjad\\\/usk-ja-elu-nr-3-eraamat\\\/#primaryimage\"},\"image\":{\"@id\":\"https:\\\/\\\/www.eoc.ee\\\/pood\\\/usk-ja-elu-ajakirjad\\\/usk-ja-elu-nr-3-eraamat\\\/#primaryimage\"},\"thumbnailUrl\":\"https:\\\/\\\/www.eoc.ee\\\/wp-content\\\/uploads\\\/2020\\\/04\\\/Screenshot-2020-04-28-at-13.13.26.png\",\"datePublished\":\"2020-04-28T11:08:42+00:00\",\"dateModified\":\"2021-03-06T14:02:39+00:00\",\"breadcrumb\":{\"@id\":\"https:\\\/\\\/www.eoc.ee\\\/pood\\\/usk-ja-elu-ajakirjad\\\/usk-ja-elu-nr-3-eraamat\\\/#breadcrumb\"},\"inLanguage\":\"fr-FR\",\"potentialAction\":[{\"@type\":\"ReadAction\",\"target\":[\"https:\\\/\\\/www.eoc.ee\\\/pood\\\/usk-ja-elu-ajakirjad\\\/usk-ja-elu-nr-3-eraamat\\\/\"]}]},{\"@type\":\"ImageObject\",\"inLanguage\":\"fr-FR\",\"@id\":\"https:\\\/\\\/www.eoc.ee\\\/pood\\\/usk-ja-elu-ajakirjad\\\/usk-ja-elu-nr-3-eraamat\\\/#primaryimage\",\"url\":\"https:\\\/\\\/www.eoc.ee\\\/wp-content\\\/uploads\\\/2020\\\/04\\\/Screenshot-2020-04-28-at-13.13.26.png\",\"contentUrl\":\"https:\\\/\\\/www.eoc.ee\\\/wp-content\\\/uploads\\\/2020\\\/04\\\/Screenshot-2020-04-28-at-13.13.26.png\",\"width\":607,\"height\":472,\"caption\":\"USK JA ELU ajakiri\"},{\"@type\":\"BreadcrumbList\",\"@id\":\"https:\\\/\\\/www.eoc.ee\\\/pood\\\/usk-ja-elu-ajakirjad\\\/usk-ja-elu-nr-3-eraamat\\\/#breadcrumb\",\"itemListElement\":[{\"@type\":\"ListItem\",\"position\":1,\"name\":\"Home\",\"item\":\"https:\\\/\\\/www.eoc.ee\\\/\"},{\"@type\":\"ListItem\",\"position\":2,\"name\":\"USK JA ELU \u00d5igeusu vaimulik ajakiri nr 3\"}]},{\"@type\":\"WebSite\",\"@id\":\"https:\\\/\\\/www.eoc.ee\\\/#website\",\"url\":\"https:\\\/\\\/www.eoc.ee\\\/\",\"name\":\"\u00c9glise Orthodoxe d'Estonie\",\"description\":\"Eesti Apostlik-\u00d5igeusu Kirik\",\"potentialAction\":[{\"@type\":\"SearchAction\",\"target\":{\"@type\":\"EntryPoint\",\"urlTemplate\":\"https:\\\/\\\/www.eoc.ee\\\/?s={search_term_string}\"},\"query-input\":{\"@type\":\"PropertyValueSpecification\",\"valueRequired\":true,\"valueName\":\"search_term_string\"}}],\"inLanguage\":\"fr-FR\"}]}<\/script>\n<!-- \/ Yoast SEO plugin. -->","yoast_head_json":{"title":"USK JA ELU \u00d5igeusu vaimulik ajakiri nr 3 &#8211; \u00c9glise Orthodoxe d'Estonie","robots":{"index":"index","follow":"follow","max-snippet":"max-snippet:-1","max-image-preview":"max-image-preview:large","max-video-preview":"max-video-preview:-1"},"canonical":"https:\/\/www.eoc.ee\/pood\/usk-ja-elu-ajakirjad\/usk-ja-elu-nr-3-eraamat\/","og_locale":"fr_FR","og_type":"article","og_title":"USK JA ELU \u00d5igeusu vaimulik ajakiri nr 3 &#8211; \u00c9glise Orthodoxe d'Estonie","og_description":"Selles numbris:        \"Arta sild\" teoloogiline poeem  \"Usunditevahelise dialoogi vajadus ja eesm\u00e4rgid\" patriarh Bartholomeos  \"\u00d5igeusu Kirik ja Euroopa \u00fclesehitamine: peibutis v\u00f5i tegelikkus?\" metropoliit Stefanus\u00a0  \"Kiriklusej\u00e4rgsel ajastul\" arhimandriit Grigorios Papathomas  150 aastat tagasi \u2013 paastumisest Riia vaimuliku seminari ajakirjas Jumala Kartuse Kool  \"Jutlus paastuajaks\" P\u00fcha Basilius Suur  \"Ennep\u00fchitsetud andide liturgia\" Prof. Dr. Joannis Fountoulis  Kai Katariina Kuusingu kunst","og_url":"https:\/\/www.eoc.ee\/pood\/usk-ja-elu-ajakirjad\/usk-ja-elu-nr-3-eraamat\/","og_site_name":"\u00c9glise Orthodoxe d'Estonie","article_modified_time":"2021-03-06T14:02:39+00:00","og_image":[{"width":607,"height":472,"url":"https:\/\/www.eoc.ee\/wp-content\/uploads\/2020\/04\/Screenshot-2020-04-28-at-13.13.26.png","type":"image\/png"}],"schema":{"@context":"https:\/\/schema.org","@graph":[{"@type":"WebPage","@id":"https:\/\/www.eoc.ee\/pood\/usk-ja-elu-ajakirjad\/usk-ja-elu-nr-3-eraamat\/","url":"https:\/\/www.eoc.ee\/pood\/usk-ja-elu-ajakirjad\/usk-ja-elu-nr-3-eraamat\/","name":"USK JA ELU \u00d5igeusu vaimulik ajakiri nr 3 &#8211; \u00c9glise Orthodoxe d'Estonie","isPartOf":{"@id":"https:\/\/www.eoc.ee\/#website"},"primaryImageOfPage":{"@id":"https:\/\/www.eoc.ee\/pood\/usk-ja-elu-ajakirjad\/usk-ja-elu-nr-3-eraamat\/#primaryimage"},"image":{"@id":"https:\/\/www.eoc.ee\/pood\/usk-ja-elu-ajakirjad\/usk-ja-elu-nr-3-eraamat\/#primaryimage"},"thumbnailUrl":"https:\/\/www.eoc.ee\/wp-content\/uploads\/2020\/04\/Screenshot-2020-04-28-at-13.13.26.png","datePublished":"2020-04-28T11:08:42+00:00","dateModified":"2021-03-06T14:02:39+00:00","breadcrumb":{"@id":"https:\/\/www.eoc.ee\/pood\/usk-ja-elu-ajakirjad\/usk-ja-elu-nr-3-eraamat\/#breadcrumb"},"inLanguage":"fr-FR","potentialAction":[{"@type":"ReadAction","target":["https:\/\/www.eoc.ee\/pood\/usk-ja-elu-ajakirjad\/usk-ja-elu-nr-3-eraamat\/"]}]},{"@type":"ImageObject","inLanguage":"fr-FR","@id":"https:\/\/www.eoc.ee\/pood\/usk-ja-elu-ajakirjad\/usk-ja-elu-nr-3-eraamat\/#primaryimage","url":"https:\/\/www.eoc.ee\/wp-content\/uploads\/2020\/04\/Screenshot-2020-04-28-at-13.13.26.png","contentUrl":"https:\/\/www.eoc.ee\/wp-content\/uploads\/2020\/04\/Screenshot-2020-04-28-at-13.13.26.png","width":607,"height":472,"caption":"USK JA ELU ajakiri"},{"@type":"BreadcrumbList","@id":"https:\/\/www.eoc.ee\/pood\/usk-ja-elu-ajakirjad\/usk-ja-elu-nr-3-eraamat\/#breadcrumb","itemListElement":[{"@type":"ListItem","position":1,"name":"Home","item":"https:\/\/www.eoc.ee\/"},{"@type":"ListItem","position":2,"name":"USK JA ELU \u00d5igeusu vaimulik ajakiri nr 3"}]},{"@type":"WebSite","@id":"https:\/\/www.eoc.ee\/#website","url":"https:\/\/www.eoc.ee\/","name":"\u00c9glise Orthodoxe d'Estonie","description":"Eesti Apostlik-\u00d5igeusu Kirik","potentialAction":[{"@type":"SearchAction","target":{"@type":"EntryPoint","urlTemplate":"https:\/\/www.eoc.ee\/?s={search_term_string}"},"query-input":{"@type":"PropertyValueSpecification","valueRequired":true,"valueName":"search_term_string"}}],"inLanguage":"fr-FR"}]}},"_links":{"self":[{"href":"https:\/\/www.eoc.ee\/fr\/wp-json\/wp\/v2\/product\/32838","targetHints":{"allow":["GET"]}}],"collection":[{"href":"https:\/\/www.eoc.ee\/fr\/wp-json\/wp\/v2\/product"}],"about":[{"href":"https:\/\/www.eoc.ee\/fr\/wp-json\/wp\/v2\/types\/product"}],"wp:featuredmedia":[{"embeddable":true,"href":"https:\/\/www.eoc.ee\/fr\/wp-json\/wp\/v2\/media\/32824"}],"wp:attachment":[{"href":"https:\/\/www.eoc.ee\/fr\/wp-json\/wp\/v2\/media?parent=32838"}],"wp:term":[{"taxonomy":"product_brand","embeddable":true,"href":"https:\/\/www.eoc.ee\/fr\/wp-json\/wp\/v2\/product_brand?post=32838"},{"taxonomy":"product_cat","embeddable":true,"href":"https:\/\/www.eoc.ee\/fr\/wp-json\/wp\/v2\/product_cat?post=32838"},{"taxonomy":"product_tag","embeddable":true,"href":"https:\/\/www.eoc.ee\/fr\/wp-json\/wp\/v2\/product_tag?post=32838"}],"curies":[{"name":"wp","href":"https:\/\/api.w.org\/{rel}","templated":true}]}}