{"id":33698,"date":"2020-04-28T17:00:04","date_gmt":"2020-04-28T14:00:04","guid":{"rendered":"http:\/\/www.eoc.ee\/?post_type=product&#038;p=33698"},"modified":"2021-03-06T15:57:24","modified_gmt":"2021-03-06T13:57:24","slug":"usk-ja-elu-oigeusu-vaimulik-ajakiri-nr-13","status":"publish","type":"product","link":"https:\/\/www.eoc.ee\/fr\/pood\/usk-ja-elu-ajakirjad\/usk-ja-elu-oigeusu-vaimulik-ajakiri-nr-13\/","title":{"rendered":"USK JA ELU \u00d5igeusu vaimulik ajakiri nr 13"},"content":{"rendered":"<p><strong>Toimetuse kolleegium:<\/strong> metropoliit Stefanus, arhimandriit prof. Grigorios Papathomas, \u00fclempreester Mattias Palli<br \/>\n<strong>Ilmumise kuup\u00e4ev:<\/strong>\u00a02015<br \/>\n<strong>Lehek\u00fclgi:<\/strong> 96<br \/>\n<strong>Formaat: <\/strong>paberajakiri ja PDF<br \/>\n<strong>ISSN:<\/strong> 1736-4000<\/p>\n","protected":false},"excerpt":{"rendered":"<div class=\"layoutArea\">\n<div class=\"column\">\n<p>Selles numbris:<\/p>\n<\/div>\n<\/div>\n<div class=\"layoutArea\">\n<div class=\"column\">\n<div class=\"page\" title=\"Page 3\">\n<div class=\"layoutArea\">\n<div class=\"column\">\n<ul>\n<li>\u00ab\u00a0\u00d5igeusu kirik v\u00e4ljakutsete ees. Pariisi II raamatumess 25.\u201326. aprillini 2014\u00a0\u00bb <strong>metropoliit Stefanus<\/strong><\/li>\n<li>\u00ab\u00a0Pildir\u00fc\u00fcste\u00a0\u00bb <strong>Boriss Bobrinskoi<\/strong><\/li>\n<li>\u00ab\u00a0Damaskuse P\u00fcha Johannes ja tema kaitsek\u00f5ned p\u00fchakujudele\u00a0\u00bb <strong>\u00fclempreester Mattias Palli<\/strong><\/li>\n<li>\u00ab\u00a0Ikooniteoloogiast Leonid Uspenski p\u00f5hjal\u00a0\u00bb <strong>Olivier Cl\u00e9ment<\/strong><\/li>\n<li>\u00ab\u00a0\u00d5igeusu ikooni vaimulik ilu. Jutlus \u00d5igeusu P\u00fchap\u00e4eva \u00f5htuteenistusel\u00a0\u00bb <strong>preester Anastasios Aleksios<\/strong><\/li>\n<li>\u00ab\u00a0Ikoonimaalist Eesti \u00f5igeusu kirikutes\u00a0\u00bb <strong>Linda Lainvoo<\/strong><\/li>\n<li>\u00ab\u00a0Meie ikoonimaalijad\u00a0\u00bb <strong>Inga Heam\u00e4gi<\/strong><\/li>\n<\/ul>\n<\/div>\n<\/div>\n<\/div>\n<\/div>\n<\/div>\n","protected":false},"featured_media":32824,"template":"","meta":{"_exactmetrics_skip_tracking":false,"_exactmetrics_sitenote_active":false,"_exactmetrics_sitenote_note":"","_exactmetrics_sitenote_category":0,"_monsterinsights_skip_tracking":false,"_monsterinsights_sitenote_active":false,"_monsterinsights_sitenote_note":"","_monsterinsights_sitenote_category":0},"product_brand":[],"product_cat":[260],"product_tag":[342,340,345,326,344,343,341,261,293,339],"class_list":{"0":"post-33698","1":"product","2":"type-product","3":"status-publish","4":"has-post-thumbnail","6":"product_cat-usk-ja-elu-ajakirjad","7":"product_tag-anastasios-aleksios","8":"product_tag-boriss-bobrinskoi","9":"product_tag-damaskuse-puha-johannes","10":"product_tag-ikoon","11":"product_tag-ikoonimaal","12":"product_tag-inga-heamagi","13":"product_tag-linda-lainvoo","14":"product_tag-metropoliit-stefanus","15":"product_tag-olivier-clement","16":"product_tag-ulempreester-mattias-palli","18":"first","19":"instock","20":"shipping-taxable","21":"purchasable","22":"product-type-variable"},"yoast_head":"<!-- This site is optimized with the Yoast SEO plugin v27.5 - https:\/\/yoast.com\/product\/yoast-seo-wordpress\/ -->\n<title>USK JA ELU \u00d5igeusu vaimulik ajakiri nr 13 &#8211; \u00c9glise Orthodoxe d&#039;Estonie<\/title>\n<meta name=\"robots\" content=\"index, follow, max-snippet:-1, max-image-preview:large, max-video-preview:-1\" \/>\n<link rel=\"canonical\" href=\"https:\/\/www.eoc.ee\/pood\/usk-ja-elu-ajakirjad\/usk-ja-elu-oigeusu-vaimulik-ajakiri-nr-13\/\" \/>\n<meta property=\"og:locale\" content=\"fr_FR\" \/>\n<meta property=\"og:type\" content=\"article\" \/>\n<meta property=\"og:title\" content=\"USK JA ELU \u00d5igeusu vaimulik ajakiri nr 13 &#8211; \u00c9glise Orthodoxe d&#039;Estonie\" \/>\n<meta property=\"og:description\" content=\"Selles numbris:           &quot;\u00d5igeusu kirik v\u00e4ljakutsete ees. Pariisi II raamatumess 25.\u201326. aprillini 2014&quot; metropoliit Stefanus  &quot;Pildir\u00fc\u00fcste&quot; Boriss Bobrinskoi  &quot;Damaskuse P\u00fcha Johannes ja tema kaitsek\u00f5ned p\u00fchakujudele&quot; \u00fclempreester Mattias Palli  &quot;Ikooniteoloogiast Leonid Uspenski p\u00f5hjal&quot; Olivier Cl\u00e9ment  &quot;\u00d5igeusu ikooni vaimulik ilu. Jutlus \u00d5igeusu P\u00fchap\u00e4eva \u00f5htuteenistusel&quot; preester Anastasios Aleksios  &quot;Ikoonimaalist Eesti \u00f5igeusu kirikutes&quot; Linda Lainvoo  &quot;Meie ikoonimaalijad&quot; Inga Heam\u00e4gi\" \/>\n<meta property=\"og:url\" content=\"https:\/\/www.eoc.ee\/pood\/usk-ja-elu-ajakirjad\/usk-ja-elu-oigeusu-vaimulik-ajakiri-nr-13\/\" \/>\n<meta property=\"og:site_name\" content=\"\u00c9glise Orthodoxe d&#039;Estonie\" \/>\n<meta property=\"article:modified_time\" content=\"2021-03-06T13:57:24+00:00\" \/>\n<meta property=\"og:image\" content=\"https:\/\/www.eoc.ee\/wp-content\/uploads\/2020\/04\/Screenshot-2020-04-28-at-13.13.26.png\" \/>\n\t<meta property=\"og:image:width\" content=\"607\" \/>\n\t<meta property=\"og:image:height\" content=\"472\" \/>\n\t<meta property=\"og:image:type\" content=\"image\/png\" \/>\n<script type=\"application\/ld+json\" class=\"yoast-schema-graph\">{\"@context\":\"https:\\\/\\\/schema.org\",\"@graph\":[{\"@type\":\"WebPage\",\"@id\":\"https:\\\/\\\/www.eoc.ee\\\/pood\\\/usk-ja-elu-ajakirjad\\\/usk-ja-elu-oigeusu-vaimulik-ajakiri-nr-13\\\/\",\"url\":\"https:\\\/\\\/www.eoc.ee\\\/pood\\\/usk-ja-elu-ajakirjad\\\/usk-ja-elu-oigeusu-vaimulik-ajakiri-nr-13\\\/\",\"name\":\"USK JA ELU \u00d5igeusu vaimulik ajakiri nr 13 &#8211; \u00c9glise Orthodoxe d'Estonie\",\"isPartOf\":{\"@id\":\"https:\\\/\\\/www.eoc.ee\\\/#website\"},\"primaryImageOfPage\":{\"@id\":\"https:\\\/\\\/www.eoc.ee\\\/pood\\\/usk-ja-elu-ajakirjad\\\/usk-ja-elu-oigeusu-vaimulik-ajakiri-nr-13\\\/#primaryimage\"},\"image\":{\"@id\":\"https:\\\/\\\/www.eoc.ee\\\/pood\\\/usk-ja-elu-ajakirjad\\\/usk-ja-elu-oigeusu-vaimulik-ajakiri-nr-13\\\/#primaryimage\"},\"thumbnailUrl\":\"https:\\\/\\\/www.eoc.ee\\\/wp-content\\\/uploads\\\/2020\\\/04\\\/Screenshot-2020-04-28-at-13.13.26.png\",\"datePublished\":\"2020-04-28T14:00:04+00:00\",\"dateModified\":\"2021-03-06T13:57:24+00:00\",\"breadcrumb\":{\"@id\":\"https:\\\/\\\/www.eoc.ee\\\/pood\\\/usk-ja-elu-ajakirjad\\\/usk-ja-elu-oigeusu-vaimulik-ajakiri-nr-13\\\/#breadcrumb\"},\"inLanguage\":\"fr-FR\",\"potentialAction\":[{\"@type\":\"ReadAction\",\"target\":[\"https:\\\/\\\/www.eoc.ee\\\/pood\\\/usk-ja-elu-ajakirjad\\\/usk-ja-elu-oigeusu-vaimulik-ajakiri-nr-13\\\/\"]}]},{\"@type\":\"ImageObject\",\"inLanguage\":\"fr-FR\",\"@id\":\"https:\\\/\\\/www.eoc.ee\\\/pood\\\/usk-ja-elu-ajakirjad\\\/usk-ja-elu-oigeusu-vaimulik-ajakiri-nr-13\\\/#primaryimage\",\"url\":\"https:\\\/\\\/www.eoc.ee\\\/wp-content\\\/uploads\\\/2020\\\/04\\\/Screenshot-2020-04-28-at-13.13.26.png\",\"contentUrl\":\"https:\\\/\\\/www.eoc.ee\\\/wp-content\\\/uploads\\\/2020\\\/04\\\/Screenshot-2020-04-28-at-13.13.26.png\",\"width\":607,\"height\":472,\"caption\":\"USK JA ELU ajakiri\"},{\"@type\":\"BreadcrumbList\",\"@id\":\"https:\\\/\\\/www.eoc.ee\\\/pood\\\/usk-ja-elu-ajakirjad\\\/usk-ja-elu-oigeusu-vaimulik-ajakiri-nr-13\\\/#breadcrumb\",\"itemListElement\":[{\"@type\":\"ListItem\",\"position\":1,\"name\":\"Home\",\"item\":\"https:\\\/\\\/www.eoc.ee\\\/\"},{\"@type\":\"ListItem\",\"position\":2,\"name\":\"USK JA ELU \u00d5igeusu vaimulik ajakiri nr 13\"}]},{\"@type\":\"WebSite\",\"@id\":\"https:\\\/\\\/www.eoc.ee\\\/#website\",\"url\":\"https:\\\/\\\/www.eoc.ee\\\/\",\"name\":\"\u00c9glise Orthodoxe d'Estonie\",\"description\":\"Eesti Apostlik-\u00d5igeusu Kirik\",\"potentialAction\":[{\"@type\":\"SearchAction\",\"target\":{\"@type\":\"EntryPoint\",\"urlTemplate\":\"https:\\\/\\\/www.eoc.ee\\\/?s={search_term_string}\"},\"query-input\":{\"@type\":\"PropertyValueSpecification\",\"valueRequired\":true,\"valueName\":\"search_term_string\"}}],\"inLanguage\":\"fr-FR\"}]}<\/script>\n<!-- \/ Yoast SEO plugin. -->","yoast_head_json":{"title":"USK JA ELU \u00d5igeusu vaimulik ajakiri nr 13 &#8211; \u00c9glise Orthodoxe d'Estonie","robots":{"index":"index","follow":"follow","max-snippet":"max-snippet:-1","max-image-preview":"max-image-preview:large","max-video-preview":"max-video-preview:-1"},"canonical":"https:\/\/www.eoc.ee\/pood\/usk-ja-elu-ajakirjad\/usk-ja-elu-oigeusu-vaimulik-ajakiri-nr-13\/","og_locale":"fr_FR","og_type":"article","og_title":"USK JA ELU \u00d5igeusu vaimulik ajakiri nr 13 &#8211; \u00c9glise Orthodoxe d'Estonie","og_description":"Selles numbris:           \"\u00d5igeusu kirik v\u00e4ljakutsete ees. Pariisi II raamatumess 25.\u201326. aprillini 2014\" metropoliit Stefanus  \"Pildir\u00fc\u00fcste\" Boriss Bobrinskoi  \"Damaskuse P\u00fcha Johannes ja tema kaitsek\u00f5ned p\u00fchakujudele\" \u00fclempreester Mattias Palli  \"Ikooniteoloogiast Leonid Uspenski p\u00f5hjal\" Olivier Cl\u00e9ment  \"\u00d5igeusu ikooni vaimulik ilu. Jutlus \u00d5igeusu P\u00fchap\u00e4eva \u00f5htuteenistusel\" preester Anastasios Aleksios  \"Ikoonimaalist Eesti \u00f5igeusu kirikutes\" Linda Lainvoo  \"Meie ikoonimaalijad\" Inga Heam\u00e4gi","og_url":"https:\/\/www.eoc.ee\/pood\/usk-ja-elu-ajakirjad\/usk-ja-elu-oigeusu-vaimulik-ajakiri-nr-13\/","og_site_name":"\u00c9glise Orthodoxe d'Estonie","article_modified_time":"2021-03-06T13:57:24+00:00","og_image":[{"width":607,"height":472,"url":"https:\/\/www.eoc.ee\/wp-content\/uploads\/2020\/04\/Screenshot-2020-04-28-at-13.13.26.png","type":"image\/png"}],"schema":{"@context":"https:\/\/schema.org","@graph":[{"@type":"WebPage","@id":"https:\/\/www.eoc.ee\/pood\/usk-ja-elu-ajakirjad\/usk-ja-elu-oigeusu-vaimulik-ajakiri-nr-13\/","url":"https:\/\/www.eoc.ee\/pood\/usk-ja-elu-ajakirjad\/usk-ja-elu-oigeusu-vaimulik-ajakiri-nr-13\/","name":"USK JA ELU \u00d5igeusu vaimulik ajakiri nr 13 &#8211; \u00c9glise Orthodoxe d'Estonie","isPartOf":{"@id":"https:\/\/www.eoc.ee\/#website"},"primaryImageOfPage":{"@id":"https:\/\/www.eoc.ee\/pood\/usk-ja-elu-ajakirjad\/usk-ja-elu-oigeusu-vaimulik-ajakiri-nr-13\/#primaryimage"},"image":{"@id":"https:\/\/www.eoc.ee\/pood\/usk-ja-elu-ajakirjad\/usk-ja-elu-oigeusu-vaimulik-ajakiri-nr-13\/#primaryimage"},"thumbnailUrl":"https:\/\/www.eoc.ee\/wp-content\/uploads\/2020\/04\/Screenshot-2020-04-28-at-13.13.26.png","datePublished":"2020-04-28T14:00:04+00:00","dateModified":"2021-03-06T13:57:24+00:00","breadcrumb":{"@id":"https:\/\/www.eoc.ee\/pood\/usk-ja-elu-ajakirjad\/usk-ja-elu-oigeusu-vaimulik-ajakiri-nr-13\/#breadcrumb"},"inLanguage":"fr-FR","potentialAction":[{"@type":"ReadAction","target":["https:\/\/www.eoc.ee\/pood\/usk-ja-elu-ajakirjad\/usk-ja-elu-oigeusu-vaimulik-ajakiri-nr-13\/"]}]},{"@type":"ImageObject","inLanguage":"fr-FR","@id":"https:\/\/www.eoc.ee\/pood\/usk-ja-elu-ajakirjad\/usk-ja-elu-oigeusu-vaimulik-ajakiri-nr-13\/#primaryimage","url":"https:\/\/www.eoc.ee\/wp-content\/uploads\/2020\/04\/Screenshot-2020-04-28-at-13.13.26.png","contentUrl":"https:\/\/www.eoc.ee\/wp-content\/uploads\/2020\/04\/Screenshot-2020-04-28-at-13.13.26.png","width":607,"height":472,"caption":"USK JA ELU ajakiri"},{"@type":"BreadcrumbList","@id":"https:\/\/www.eoc.ee\/pood\/usk-ja-elu-ajakirjad\/usk-ja-elu-oigeusu-vaimulik-ajakiri-nr-13\/#breadcrumb","itemListElement":[{"@type":"ListItem","position":1,"name":"Home","item":"https:\/\/www.eoc.ee\/"},{"@type":"ListItem","position":2,"name":"USK JA ELU \u00d5igeusu vaimulik ajakiri nr 13"}]},{"@type":"WebSite","@id":"https:\/\/www.eoc.ee\/#website","url":"https:\/\/www.eoc.ee\/","name":"\u00c9glise Orthodoxe d'Estonie","description":"Eesti Apostlik-\u00d5igeusu Kirik","potentialAction":[{"@type":"SearchAction","target":{"@type":"EntryPoint","urlTemplate":"https:\/\/www.eoc.ee\/?s={search_term_string}"},"query-input":{"@type":"PropertyValueSpecification","valueRequired":true,"valueName":"search_term_string"}}],"inLanguage":"fr-FR"}]}},"_links":{"self":[{"href":"https:\/\/www.eoc.ee\/fr\/wp-json\/wp\/v2\/product\/33698","targetHints":{"allow":["GET"]}}],"collection":[{"href":"https:\/\/www.eoc.ee\/fr\/wp-json\/wp\/v2\/product"}],"about":[{"href":"https:\/\/www.eoc.ee\/fr\/wp-json\/wp\/v2\/types\/product"}],"wp:featuredmedia":[{"embeddable":true,"href":"https:\/\/www.eoc.ee\/fr\/wp-json\/wp\/v2\/media\/32824"}],"wp:attachment":[{"href":"https:\/\/www.eoc.ee\/fr\/wp-json\/wp\/v2\/media?parent=33698"}],"wp:term":[{"taxonomy":"product_brand","embeddable":true,"href":"https:\/\/www.eoc.ee\/fr\/wp-json\/wp\/v2\/product_brand?post=33698"},{"taxonomy":"product_cat","embeddable":true,"href":"https:\/\/www.eoc.ee\/fr\/wp-json\/wp\/v2\/product_cat?post=33698"},{"taxonomy":"product_tag","embeddable":true,"href":"https:\/\/www.eoc.ee\/fr\/wp-json\/wp\/v2\/product_tag?post=33698"}],"curies":[{"name":"wp","href":"https:\/\/api.w.org\/{rel}","templated":true}]}}