{"id":33701,"date":"2020-04-28T16:59:51","date_gmt":"2020-04-28T13:59:51","guid":{"rendered":"http:\/\/www.eoc.ee\/?post_type=product&#038;p=33701"},"modified":"2021-03-06T15:57:55","modified_gmt":"2021-03-06T13:57:55","slug":"usk-ja-elu-oigeusu-vaimulik-ajakiri-nr-12","status":"publish","type":"product","link":"https:\/\/www.eoc.ee\/fr\/pood\/usk-ja-elu-ajakirjad\/usk-ja-elu-oigeusu-vaimulik-ajakiri-nr-12\/","title":{"rendered":"USK JA ELU \u00d5igeusu vaimulik ajakiri nr 12"},"content":{"rendered":"<p><strong>Toimetuse kolleegium:<\/strong> metropoliit Stefanus, arhimandriit prof. Grigorios Papathomas, \u00fclempreester Mattias Palli<br \/>\n<strong>Ilmumise kuup\u00e4ev:<\/strong>\u00a02014<br \/>\n<strong>Lehek\u00fclgi:<\/strong>\u00a064<br \/>\n<strong>Formaat: <\/strong>paberajakiri ja PDF<br \/>\n<strong>ISSN:<\/strong> 1736-4000<\/p>\n","protected":false},"excerpt":{"rendered":"<div class=\"layoutArea\">\n<div class=\"column\">\n<p>Selles numbris:<\/p>\n<\/div>\n<\/div>\n<div class=\"layoutArea\">\n<div class=\"column\">\n<div class=\"page\" title=\"Page 3\">\n<div class=\"layoutArea\">\n<div class=\"column\">\n<ul>\n<li>\u00ab\u00a0Paulus VI ja Athenagoras I. Tagasivaade Jeruusalemma kohtumisele (5. ja 6. I 1964)\u00a0\u00bb <strong>metropoliit Stefanus<\/strong><\/li>\n<li>\u00ab\u00a0Vabadus ja solidaarsus \u00f5igeusu elus ja vaates\u00a0\u00bb <strong>Mesogaia ja Lavreotiki metropoliit Nikolai<\/strong><\/li>\n<li>\u00ab\u00a0Enesest ja teistest\u00a0\u00bb <strong>\u00fclempreester Mattias Palli <\/strong><\/li>\n<li>\u00ab\u00a0Kiriku p\u00fchade kaanonite kontekstuaalsus ja teoloogia\u00a0\u00bb <strong>arhimandriit prof. Hdr. Grigorios Papathomas<\/strong><\/li>\n<li>\u00ab\u00a0Jumala \u00f5iglusest Iiobi raamatu j\u00e4rgi\u00a0\u00bb <strong>preester Kristoforos Parts <\/strong><\/li>\n<li>\u00ab\u00a0Inimisiksus\u00a0\u00bb <strong>preester Volod\u00f5m\u00f5r M\u00f5hhalsk\u00f5i<\/strong><\/li>\n<li>\u00ab\u00a0Piiskopm\u00e4rter Platoni elulugu\u00a0\u00bb <strong>diakon Toomas Erikson<\/strong><\/li>\n<\/ul>\n<\/div>\n<\/div>\n<\/div>\n<\/div>\n<\/div>\n","protected":false},"featured_media":32824,"template":"","meta":{"_exactmetrics_skip_tracking":false,"_exactmetrics_sitenote_active":false,"_exactmetrics_sitenote_note":"","_exactmetrics_sitenote_category":0,"_monsterinsights_skip_tracking":false,"_monsterinsights_sitenote_active":false,"_monsterinsights_sitenote_note":"","_monsterinsights_sitenote_category":0},"product_brand":[],"product_cat":[260],"product_tag":[288,323,338,261,339,337],"class_list":{"0":"post-33701","1":"product","2":"type-product","3":"status-publish","4":"has-post-thumbnail","6":"product_cat-usk-ja-elu-ajakirjad","7":"product_tag-arhimandriit-grigorios-papathomas","8":"product_tag-kristoforos-parts","9":"product_tag-metropoliit-nikolai","10":"product_tag-metropoliit-stefanus","11":"product_tag-ulempreester-mattias-palli","12":"product_tag-volodomor-mohhalskoi","14":"first","15":"instock","16":"shipping-taxable","17":"purchasable","18":"product-type-variable"},"yoast_head":"<!-- This site is optimized with the Yoast SEO plugin v27.5 - https:\/\/yoast.com\/product\/yoast-seo-wordpress\/ -->\n<title>USK JA ELU \u00d5igeusu vaimulik ajakiri nr 12 &#8211; \u00c9glise Orthodoxe d&#039;Estonie<\/title>\n<meta name=\"robots\" content=\"index, follow, max-snippet:-1, max-image-preview:large, max-video-preview:-1\" \/>\n<link rel=\"canonical\" href=\"https:\/\/www.eoc.ee\/pood\/usk-ja-elu-ajakirjad\/usk-ja-elu-oigeusu-vaimulik-ajakiri-nr-12\/\" \/>\n<meta property=\"og:locale\" content=\"fr_FR\" \/>\n<meta property=\"og:type\" content=\"article\" \/>\n<meta property=\"og:title\" content=\"USK JA ELU \u00d5igeusu vaimulik ajakiri nr 12 &#8211; \u00c9glise Orthodoxe d&#039;Estonie\" \/>\n<meta property=\"og:description\" content=\"Selles numbris:           &quot;Paulus VI ja Athenagoras I. Tagasivaade Jeruusalemma kohtumisele (5. ja 6. I 1964)&quot; metropoliit Stefanus  &quot;Vabadus ja solidaarsus \u00f5igeusu elus ja vaates&quot; Mesogaia ja Lavreotiki metropoliit Nikolai  &quot;Enesest ja teistest&quot; \u00fclempreester Mattias Palli   &quot;Kiriku p\u00fchade kaanonite kontekstuaalsus ja teoloogia&quot; arhimandriit prof. Hdr. Grigorios Papathomas  &quot;Jumala \u00f5iglusest Iiobi raamatu j\u00e4rgi&quot; preester Kristoforos Parts   &quot;Inimisiksus&quot; preester Volod\u00f5m\u00f5r M\u00f5hhalsk\u00f5i  &quot;Piiskopm\u00e4rter Platoni elulugu&quot; diakon Toomas Erikson\" \/>\n<meta property=\"og:url\" content=\"https:\/\/www.eoc.ee\/pood\/usk-ja-elu-ajakirjad\/usk-ja-elu-oigeusu-vaimulik-ajakiri-nr-12\/\" \/>\n<meta property=\"og:site_name\" content=\"\u00c9glise Orthodoxe d&#039;Estonie\" \/>\n<meta property=\"article:modified_time\" content=\"2021-03-06T13:57:55+00:00\" \/>\n<meta property=\"og:image\" content=\"https:\/\/www.eoc.ee\/wp-content\/uploads\/2020\/04\/Screenshot-2020-04-28-at-13.13.26.png\" \/>\n\t<meta property=\"og:image:width\" content=\"607\" \/>\n\t<meta property=\"og:image:height\" content=\"472\" \/>\n\t<meta property=\"og:image:type\" content=\"image\/png\" \/>\n<script type=\"application\/ld+json\" class=\"yoast-schema-graph\">{\"@context\":\"https:\\\/\\\/schema.org\",\"@graph\":[{\"@type\":\"WebPage\",\"@id\":\"https:\\\/\\\/www.eoc.ee\\\/pood\\\/usk-ja-elu-ajakirjad\\\/usk-ja-elu-oigeusu-vaimulik-ajakiri-nr-12\\\/\",\"url\":\"https:\\\/\\\/www.eoc.ee\\\/pood\\\/usk-ja-elu-ajakirjad\\\/usk-ja-elu-oigeusu-vaimulik-ajakiri-nr-12\\\/\",\"name\":\"USK JA ELU \u00d5igeusu vaimulik ajakiri nr 12 &#8211; \u00c9glise Orthodoxe d'Estonie\",\"isPartOf\":{\"@id\":\"https:\\\/\\\/www.eoc.ee\\\/#website\"},\"primaryImageOfPage\":{\"@id\":\"https:\\\/\\\/www.eoc.ee\\\/pood\\\/usk-ja-elu-ajakirjad\\\/usk-ja-elu-oigeusu-vaimulik-ajakiri-nr-12\\\/#primaryimage\"},\"image\":{\"@id\":\"https:\\\/\\\/www.eoc.ee\\\/pood\\\/usk-ja-elu-ajakirjad\\\/usk-ja-elu-oigeusu-vaimulik-ajakiri-nr-12\\\/#primaryimage\"},\"thumbnailUrl\":\"https:\\\/\\\/www.eoc.ee\\\/wp-content\\\/uploads\\\/2020\\\/04\\\/Screenshot-2020-04-28-at-13.13.26.png\",\"datePublished\":\"2020-04-28T13:59:51+00:00\",\"dateModified\":\"2021-03-06T13:57:55+00:00\",\"breadcrumb\":{\"@id\":\"https:\\\/\\\/www.eoc.ee\\\/pood\\\/usk-ja-elu-ajakirjad\\\/usk-ja-elu-oigeusu-vaimulik-ajakiri-nr-12\\\/#breadcrumb\"},\"inLanguage\":\"fr-FR\",\"potentialAction\":[{\"@type\":\"ReadAction\",\"target\":[\"https:\\\/\\\/www.eoc.ee\\\/pood\\\/usk-ja-elu-ajakirjad\\\/usk-ja-elu-oigeusu-vaimulik-ajakiri-nr-12\\\/\"]}]},{\"@type\":\"ImageObject\",\"inLanguage\":\"fr-FR\",\"@id\":\"https:\\\/\\\/www.eoc.ee\\\/pood\\\/usk-ja-elu-ajakirjad\\\/usk-ja-elu-oigeusu-vaimulik-ajakiri-nr-12\\\/#primaryimage\",\"url\":\"https:\\\/\\\/www.eoc.ee\\\/wp-content\\\/uploads\\\/2020\\\/04\\\/Screenshot-2020-04-28-at-13.13.26.png\",\"contentUrl\":\"https:\\\/\\\/www.eoc.ee\\\/wp-content\\\/uploads\\\/2020\\\/04\\\/Screenshot-2020-04-28-at-13.13.26.png\",\"width\":607,\"height\":472,\"caption\":\"USK JA ELU ajakiri\"},{\"@type\":\"BreadcrumbList\",\"@id\":\"https:\\\/\\\/www.eoc.ee\\\/pood\\\/usk-ja-elu-ajakirjad\\\/usk-ja-elu-oigeusu-vaimulik-ajakiri-nr-12\\\/#breadcrumb\",\"itemListElement\":[{\"@type\":\"ListItem\",\"position\":1,\"name\":\"Home\",\"item\":\"https:\\\/\\\/www.eoc.ee\\\/\"},{\"@type\":\"ListItem\",\"position\":2,\"name\":\"USK JA ELU \u00d5igeusu vaimulik ajakiri nr 12\"}]},{\"@type\":\"WebSite\",\"@id\":\"https:\\\/\\\/www.eoc.ee\\\/#website\",\"url\":\"https:\\\/\\\/www.eoc.ee\\\/\",\"name\":\"\u00c9glise Orthodoxe d'Estonie\",\"description\":\"Eesti Apostlik-\u00d5igeusu Kirik\",\"potentialAction\":[{\"@type\":\"SearchAction\",\"target\":{\"@type\":\"EntryPoint\",\"urlTemplate\":\"https:\\\/\\\/www.eoc.ee\\\/?s={search_term_string}\"},\"query-input\":{\"@type\":\"PropertyValueSpecification\",\"valueRequired\":true,\"valueName\":\"search_term_string\"}}],\"inLanguage\":\"fr-FR\"}]}<\/script>\n<!-- \/ Yoast SEO plugin. -->","yoast_head_json":{"title":"USK JA ELU \u00d5igeusu vaimulik ajakiri nr 12 &#8211; \u00c9glise Orthodoxe d'Estonie","robots":{"index":"index","follow":"follow","max-snippet":"max-snippet:-1","max-image-preview":"max-image-preview:large","max-video-preview":"max-video-preview:-1"},"canonical":"https:\/\/www.eoc.ee\/pood\/usk-ja-elu-ajakirjad\/usk-ja-elu-oigeusu-vaimulik-ajakiri-nr-12\/","og_locale":"fr_FR","og_type":"article","og_title":"USK JA ELU \u00d5igeusu vaimulik ajakiri nr 12 &#8211; \u00c9glise Orthodoxe d'Estonie","og_description":"Selles numbris:           \"Paulus VI ja Athenagoras I. Tagasivaade Jeruusalemma kohtumisele (5. ja 6. I 1964)\" metropoliit Stefanus  \"Vabadus ja solidaarsus \u00f5igeusu elus ja vaates\" Mesogaia ja Lavreotiki metropoliit Nikolai  \"Enesest ja teistest\" \u00fclempreester Mattias Palli   \"Kiriku p\u00fchade kaanonite kontekstuaalsus ja teoloogia\" arhimandriit prof. Hdr. Grigorios Papathomas  \"Jumala \u00f5iglusest Iiobi raamatu j\u00e4rgi\" preester Kristoforos Parts   \"Inimisiksus\" preester Volod\u00f5m\u00f5r M\u00f5hhalsk\u00f5i  \"Piiskopm\u00e4rter Platoni elulugu\" diakon Toomas Erikson","og_url":"https:\/\/www.eoc.ee\/pood\/usk-ja-elu-ajakirjad\/usk-ja-elu-oigeusu-vaimulik-ajakiri-nr-12\/","og_site_name":"\u00c9glise Orthodoxe d'Estonie","article_modified_time":"2021-03-06T13:57:55+00:00","og_image":[{"width":607,"height":472,"url":"https:\/\/www.eoc.ee\/wp-content\/uploads\/2020\/04\/Screenshot-2020-04-28-at-13.13.26.png","type":"image\/png"}],"schema":{"@context":"https:\/\/schema.org","@graph":[{"@type":"WebPage","@id":"https:\/\/www.eoc.ee\/pood\/usk-ja-elu-ajakirjad\/usk-ja-elu-oigeusu-vaimulik-ajakiri-nr-12\/","url":"https:\/\/www.eoc.ee\/pood\/usk-ja-elu-ajakirjad\/usk-ja-elu-oigeusu-vaimulik-ajakiri-nr-12\/","name":"USK JA ELU \u00d5igeusu vaimulik ajakiri nr 12 &#8211; \u00c9glise Orthodoxe d'Estonie","isPartOf":{"@id":"https:\/\/www.eoc.ee\/#website"},"primaryImageOfPage":{"@id":"https:\/\/www.eoc.ee\/pood\/usk-ja-elu-ajakirjad\/usk-ja-elu-oigeusu-vaimulik-ajakiri-nr-12\/#primaryimage"},"image":{"@id":"https:\/\/www.eoc.ee\/pood\/usk-ja-elu-ajakirjad\/usk-ja-elu-oigeusu-vaimulik-ajakiri-nr-12\/#primaryimage"},"thumbnailUrl":"https:\/\/www.eoc.ee\/wp-content\/uploads\/2020\/04\/Screenshot-2020-04-28-at-13.13.26.png","datePublished":"2020-04-28T13:59:51+00:00","dateModified":"2021-03-06T13:57:55+00:00","breadcrumb":{"@id":"https:\/\/www.eoc.ee\/pood\/usk-ja-elu-ajakirjad\/usk-ja-elu-oigeusu-vaimulik-ajakiri-nr-12\/#breadcrumb"},"inLanguage":"fr-FR","potentialAction":[{"@type":"ReadAction","target":["https:\/\/www.eoc.ee\/pood\/usk-ja-elu-ajakirjad\/usk-ja-elu-oigeusu-vaimulik-ajakiri-nr-12\/"]}]},{"@type":"ImageObject","inLanguage":"fr-FR","@id":"https:\/\/www.eoc.ee\/pood\/usk-ja-elu-ajakirjad\/usk-ja-elu-oigeusu-vaimulik-ajakiri-nr-12\/#primaryimage","url":"https:\/\/www.eoc.ee\/wp-content\/uploads\/2020\/04\/Screenshot-2020-04-28-at-13.13.26.png","contentUrl":"https:\/\/www.eoc.ee\/wp-content\/uploads\/2020\/04\/Screenshot-2020-04-28-at-13.13.26.png","width":607,"height":472,"caption":"USK JA ELU ajakiri"},{"@type":"BreadcrumbList","@id":"https:\/\/www.eoc.ee\/pood\/usk-ja-elu-ajakirjad\/usk-ja-elu-oigeusu-vaimulik-ajakiri-nr-12\/#breadcrumb","itemListElement":[{"@type":"ListItem","position":1,"name":"Home","item":"https:\/\/www.eoc.ee\/"},{"@type":"ListItem","position":2,"name":"USK JA ELU \u00d5igeusu vaimulik ajakiri nr 12"}]},{"@type":"WebSite","@id":"https:\/\/www.eoc.ee\/#website","url":"https:\/\/www.eoc.ee\/","name":"\u00c9glise Orthodoxe d'Estonie","description":"Eesti Apostlik-\u00d5igeusu Kirik","potentialAction":[{"@type":"SearchAction","target":{"@type":"EntryPoint","urlTemplate":"https:\/\/www.eoc.ee\/?s={search_term_string}"},"query-input":{"@type":"PropertyValueSpecification","valueRequired":true,"valueName":"search_term_string"}}],"inLanguage":"fr-FR"}]}},"_links":{"self":[{"href":"https:\/\/www.eoc.ee\/fr\/wp-json\/wp\/v2\/product\/33701","targetHints":{"allow":["GET"]}}],"collection":[{"href":"https:\/\/www.eoc.ee\/fr\/wp-json\/wp\/v2\/product"}],"about":[{"href":"https:\/\/www.eoc.ee\/fr\/wp-json\/wp\/v2\/types\/product"}],"wp:featuredmedia":[{"embeddable":true,"href":"https:\/\/www.eoc.ee\/fr\/wp-json\/wp\/v2\/media\/32824"}],"wp:attachment":[{"href":"https:\/\/www.eoc.ee\/fr\/wp-json\/wp\/v2\/media?parent=33701"}],"wp:term":[{"taxonomy":"product_brand","embeddable":true,"href":"https:\/\/www.eoc.ee\/fr\/wp-json\/wp\/v2\/product_brand?post=33701"},{"taxonomy":"product_cat","embeddable":true,"href":"https:\/\/www.eoc.ee\/fr\/wp-json\/wp\/v2\/product_cat?post=33701"},{"taxonomy":"product_tag","embeddable":true,"href":"https:\/\/www.eoc.ee\/fr\/wp-json\/wp\/v2\/product_tag?post=33701"}],"curies":[{"name":"wp","href":"https:\/\/api.w.org\/{rel}","templated":true}]}}