{"id":33704,"date":"2020-04-28T16:58:11","date_gmt":"2020-04-28T13:58:11","guid":{"rendered":"http:\/\/www.eoc.ee\/?post_type=product&#038;p=33704"},"modified":"2021-03-06T15:58:27","modified_gmt":"2021-03-06T13:58:27","slug":"usk-ja-elu-oigeusu-vaimulik-ajakiri-nr-11","status":"publish","type":"product","link":"https:\/\/www.eoc.ee\/fr\/pood\/usk-ja-elu-ajakirjad\/usk-ja-elu-oigeusu-vaimulik-ajakiri-nr-11\/","title":{"rendered":"USK JA ELU \u00d5igeusu vaimulik ajakiri nr 11"},"content":{"rendered":"<p><strong>Toimetuse kolleegium:<\/strong> metropoliit Stefanus, arhimandriit prof. Grigorios Papathomas, \u00fclempreester Mattias Palli<br \/>\n<strong>Ilmumise kuup\u00e4ev:<\/strong>\u00a02013<br \/>\n<strong>Lehek\u00fclgi:<\/strong>\u00a064<br \/>\n<strong>Formaat: <\/strong>paberajakiri ja PDF<br \/>\n<strong>ISSN:<\/strong> 1736-4000<\/p>\n","protected":false},"excerpt":{"rendered":"<div class=\"layoutArea\">\n<div class=\"column\">\n<p>Selles numbris:<\/p>\n<\/div>\n<\/div>\n<div class=\"layoutArea\">\n<div class=\"column\">\n<div class=\"page\" title=\"Page 3\">\n<div class=\"layoutArea\">\n<div class=\"column\">\n<ul>\n<li>\u00ab\u00a0Requiem\u00a0\u00bb <strong>preester Nikolai P\u00e4ts <\/strong><\/li>\n<li>Esimese Eesti <strong>piiskopi Platoni<\/strong> kirjat\u00f6\u00f6d \u201eUue Elu\u201d jaoks<\/li>\n<li>Eestimaa Apostliku \u00d5igeusu koguduse t\u00e4iskogu koosolekul 21. m\u00e4rtsil 1919. a. vastu v\u00f5etud resolutsioonid kiriku valitsemise k\u00fcsimuste kohta<\/li>\n<li>Eesti-Apostlik \u00d5igeusu Kiriku 75. juubeli puhul<\/li>\n<li>Eesti-Apostlik \u00d5igeusu Kiriku iseseisvus<\/li>\n<li>Metropoliit Aleksandri k\u00f5ne Patriarhaadis 3. juulil 1923. aastal<\/li>\n<li>\u00ab\u00a0Metropoliit Aleksander\u00a0\u00bb <strong>Elga Eliaser <\/strong><\/li>\n<li>\u00ab\u00a0Kas Eesti-Apostlik \u00d5igeusu Kirik on eluj\u00f5uline?\u00a0\u00bb <strong>preester Anton Laar <\/strong><\/li>\n<li>\u00ab\u00a0Teeristil\u00a0\u00bb <strong>J\u00fcri Poska <\/strong><\/li>\n<li>Eesti-Apostlik \u00d5igeusu Kiriku liikmete deklaratsioon<\/li>\n<li>Kiriku taastamine<\/li>\n<li>\u00ab\u00a0\u00d5igeusu kirik Eestis viimasel ajal\u00a0\u00bb <strong>peapiiskop Johannes <\/strong><\/li>\n<li><strong>Patriarh Bartolomeuse<\/strong> k\u00f5ne pressikonverentsl 1. 11. 2000<\/li>\n<li>\u00ab\u00a0\u2026ja Jumal n\u00e4gi, et nii on hea! (1Ms 1)\u00a0\u00bb <strong>metropoliit Stefanus<\/strong><\/li>\n<\/ul>\n<\/div>\n<\/div>\n<\/div>\n<\/div>\n<\/div>\n","protected":false},"featured_media":32824,"template":"","meta":{"_exactmetrics_skip_tracking":false,"_exactmetrics_sitenote_active":false,"_exactmetrics_sitenote_note":"","_exactmetrics_sitenote_category":0,"_monsterinsights_skip_tracking":false,"_monsterinsights_sitenote_active":false,"_monsterinsights_sitenote_note":"","_monsterinsights_sitenote_category":0},"product_brand":[],"product_cat":[260],"product_tag":[313,335,261,334,287,315],"class_list":{"0":"post-33704","1":"product","2":"type-product","3":"status-publish","4":"has-post-thumbnail","6":"product_cat-usk-ja-elu-ajakirjad","7":"product_tag-anton-laar","8":"product_tag-metropoliit-aleksander","9":"product_tag-metropoliit-stefanus","10":"product_tag-nikolai-pats","11":"product_tag-patriarh-bartholomeos","12":"product_tag-piiskop-platon","14":"first","15":"instock","16":"shipping-taxable","17":"purchasable","18":"product-type-variable"},"yoast_head":"<!-- This site is optimized with the Yoast SEO plugin v27.5 - https:\/\/yoast.com\/product\/yoast-seo-wordpress\/ -->\n<title>USK JA ELU \u00d5igeusu vaimulik ajakiri nr 11 &#8211; \u00c9glise Orthodoxe d&#039;Estonie<\/title>\n<meta name=\"robots\" content=\"index, follow, max-snippet:-1, max-image-preview:large, max-video-preview:-1\" \/>\n<link rel=\"canonical\" href=\"https:\/\/www.eoc.ee\/pood\/usk-ja-elu-ajakirjad\/usk-ja-elu-oigeusu-vaimulik-ajakiri-nr-11\/\" \/>\n<meta property=\"og:locale\" content=\"fr_FR\" \/>\n<meta property=\"og:type\" content=\"article\" \/>\n<meta property=\"og:title\" content=\"USK JA ELU \u00d5igeusu vaimulik ajakiri nr 11 &#8211; \u00c9glise Orthodoxe d&#039;Estonie\" \/>\n<meta property=\"og:description\" content=\"Selles numbris:           &quot;Requiem&quot; preester Nikolai P\u00e4ts   Esimese Eesti piiskopi Platoni kirjat\u00f6\u00f6d \u201eUue Elu\u201d jaoks  Eestimaa Apostliku \u00d5igeusu koguduse t\u00e4iskogu koosolekul 21. m\u00e4rtsil 1919. a. vastu v\u00f5etud resolutsioonid kiriku valitsemise k\u00fcsimuste kohta  Eesti-Apostlik \u00d5igeusu Kiriku 75. juubeli puhul  Eesti-Apostlik \u00d5igeusu Kiriku iseseisvus  Metropoliit Aleksandri k\u00f5ne Patriarhaadis 3. juulil 1923. aastal  &quot;Metropoliit Aleksander&quot; Elga Eliaser   &quot;Kas Eesti-Apostlik \u00d5igeusu Kirik on eluj\u00f5uline?&quot; preester Anton Laar   &quot;Teeristil&quot; J\u00fcri Poska   Eesti-Apostlik \u00d5igeusu Kiriku liikmete deklaratsioon  Kiriku taastamine  &quot;\u00d5igeusu kirik Eestis viimasel ajal&quot; peapiiskop Johannes   Patriarh Bartolomeuse k\u00f5ne pressikonverentsl 1. 11. 2000  &quot;\u2026ja Jumal n\u00e4gi, et nii on hea! (1Ms 1)&quot; metropoliit Stefanus\" \/>\n<meta property=\"og:url\" content=\"https:\/\/www.eoc.ee\/pood\/usk-ja-elu-ajakirjad\/usk-ja-elu-oigeusu-vaimulik-ajakiri-nr-11\/\" \/>\n<meta property=\"og:site_name\" content=\"\u00c9glise Orthodoxe d&#039;Estonie\" \/>\n<meta property=\"article:modified_time\" content=\"2021-03-06T13:58:27+00:00\" \/>\n<meta property=\"og:image\" content=\"https:\/\/www.eoc.ee\/wp-content\/uploads\/2020\/04\/Screenshot-2020-04-28-at-13.13.26.png\" \/>\n\t<meta property=\"og:image:width\" content=\"607\" \/>\n\t<meta property=\"og:image:height\" content=\"472\" \/>\n\t<meta property=\"og:image:type\" content=\"image\/png\" \/>\n<script type=\"application\/ld+json\" class=\"yoast-schema-graph\">{\"@context\":\"https:\\\/\\\/schema.org\",\"@graph\":[{\"@type\":\"WebPage\",\"@id\":\"https:\\\/\\\/www.eoc.ee\\\/pood\\\/usk-ja-elu-ajakirjad\\\/usk-ja-elu-oigeusu-vaimulik-ajakiri-nr-11\\\/\",\"url\":\"https:\\\/\\\/www.eoc.ee\\\/pood\\\/usk-ja-elu-ajakirjad\\\/usk-ja-elu-oigeusu-vaimulik-ajakiri-nr-11\\\/\",\"name\":\"USK JA ELU \u00d5igeusu vaimulik ajakiri nr 11 &#8211; \u00c9glise Orthodoxe d'Estonie\",\"isPartOf\":{\"@id\":\"https:\\\/\\\/www.eoc.ee\\\/#website\"},\"primaryImageOfPage\":{\"@id\":\"https:\\\/\\\/www.eoc.ee\\\/pood\\\/usk-ja-elu-ajakirjad\\\/usk-ja-elu-oigeusu-vaimulik-ajakiri-nr-11\\\/#primaryimage\"},\"image\":{\"@id\":\"https:\\\/\\\/www.eoc.ee\\\/pood\\\/usk-ja-elu-ajakirjad\\\/usk-ja-elu-oigeusu-vaimulik-ajakiri-nr-11\\\/#primaryimage\"},\"thumbnailUrl\":\"https:\\\/\\\/www.eoc.ee\\\/wp-content\\\/uploads\\\/2020\\\/04\\\/Screenshot-2020-04-28-at-13.13.26.png\",\"datePublished\":\"2020-04-28T13:58:11+00:00\",\"dateModified\":\"2021-03-06T13:58:27+00:00\",\"breadcrumb\":{\"@id\":\"https:\\\/\\\/www.eoc.ee\\\/pood\\\/usk-ja-elu-ajakirjad\\\/usk-ja-elu-oigeusu-vaimulik-ajakiri-nr-11\\\/#breadcrumb\"},\"inLanguage\":\"fr-FR\",\"potentialAction\":[{\"@type\":\"ReadAction\",\"target\":[\"https:\\\/\\\/www.eoc.ee\\\/pood\\\/usk-ja-elu-ajakirjad\\\/usk-ja-elu-oigeusu-vaimulik-ajakiri-nr-11\\\/\"]}]},{\"@type\":\"ImageObject\",\"inLanguage\":\"fr-FR\",\"@id\":\"https:\\\/\\\/www.eoc.ee\\\/pood\\\/usk-ja-elu-ajakirjad\\\/usk-ja-elu-oigeusu-vaimulik-ajakiri-nr-11\\\/#primaryimage\",\"url\":\"https:\\\/\\\/www.eoc.ee\\\/wp-content\\\/uploads\\\/2020\\\/04\\\/Screenshot-2020-04-28-at-13.13.26.png\",\"contentUrl\":\"https:\\\/\\\/www.eoc.ee\\\/wp-content\\\/uploads\\\/2020\\\/04\\\/Screenshot-2020-04-28-at-13.13.26.png\",\"width\":607,\"height\":472,\"caption\":\"USK JA ELU ajakiri\"},{\"@type\":\"BreadcrumbList\",\"@id\":\"https:\\\/\\\/www.eoc.ee\\\/pood\\\/usk-ja-elu-ajakirjad\\\/usk-ja-elu-oigeusu-vaimulik-ajakiri-nr-11\\\/#breadcrumb\",\"itemListElement\":[{\"@type\":\"ListItem\",\"position\":1,\"name\":\"Home\",\"item\":\"https:\\\/\\\/www.eoc.ee\\\/\"},{\"@type\":\"ListItem\",\"position\":2,\"name\":\"USK JA ELU \u00d5igeusu vaimulik ajakiri nr 11\"}]},{\"@type\":\"WebSite\",\"@id\":\"https:\\\/\\\/www.eoc.ee\\\/#website\",\"url\":\"https:\\\/\\\/www.eoc.ee\\\/\",\"name\":\"\u00c9glise Orthodoxe d'Estonie\",\"description\":\"Eesti Apostlik-\u00d5igeusu Kirik\",\"potentialAction\":[{\"@type\":\"SearchAction\",\"target\":{\"@type\":\"EntryPoint\",\"urlTemplate\":\"https:\\\/\\\/www.eoc.ee\\\/?s={search_term_string}\"},\"query-input\":{\"@type\":\"PropertyValueSpecification\",\"valueRequired\":true,\"valueName\":\"search_term_string\"}}],\"inLanguage\":\"fr-FR\"}]}<\/script>\n<!-- \/ Yoast SEO plugin. -->","yoast_head_json":{"title":"USK JA ELU \u00d5igeusu vaimulik ajakiri nr 11 &#8211; \u00c9glise Orthodoxe d'Estonie","robots":{"index":"index","follow":"follow","max-snippet":"max-snippet:-1","max-image-preview":"max-image-preview:large","max-video-preview":"max-video-preview:-1"},"canonical":"https:\/\/www.eoc.ee\/pood\/usk-ja-elu-ajakirjad\/usk-ja-elu-oigeusu-vaimulik-ajakiri-nr-11\/","og_locale":"fr_FR","og_type":"article","og_title":"USK JA ELU \u00d5igeusu vaimulik ajakiri nr 11 &#8211; \u00c9glise Orthodoxe d'Estonie","og_description":"Selles numbris:           \"Requiem\" preester Nikolai P\u00e4ts   Esimese Eesti piiskopi Platoni kirjat\u00f6\u00f6d \u201eUue Elu\u201d jaoks  Eestimaa Apostliku \u00d5igeusu koguduse t\u00e4iskogu koosolekul 21. m\u00e4rtsil 1919. a. vastu v\u00f5etud resolutsioonid kiriku valitsemise k\u00fcsimuste kohta  Eesti-Apostlik \u00d5igeusu Kiriku 75. juubeli puhul  Eesti-Apostlik \u00d5igeusu Kiriku iseseisvus  Metropoliit Aleksandri k\u00f5ne Patriarhaadis 3. juulil 1923. aastal  \"Metropoliit Aleksander\" Elga Eliaser   \"Kas Eesti-Apostlik \u00d5igeusu Kirik on eluj\u00f5uline?\" preester Anton Laar   \"Teeristil\" J\u00fcri Poska   Eesti-Apostlik \u00d5igeusu Kiriku liikmete deklaratsioon  Kiriku taastamine  \"\u00d5igeusu kirik Eestis viimasel ajal\" peapiiskop Johannes   Patriarh Bartolomeuse k\u00f5ne pressikonverentsl 1. 11. 2000  \"\u2026ja Jumal n\u00e4gi, et nii on hea! (1Ms 1)\" metropoliit Stefanus","og_url":"https:\/\/www.eoc.ee\/pood\/usk-ja-elu-ajakirjad\/usk-ja-elu-oigeusu-vaimulik-ajakiri-nr-11\/","og_site_name":"\u00c9glise Orthodoxe d'Estonie","article_modified_time":"2021-03-06T13:58:27+00:00","og_image":[{"width":607,"height":472,"url":"https:\/\/www.eoc.ee\/wp-content\/uploads\/2020\/04\/Screenshot-2020-04-28-at-13.13.26.png","type":"image\/png"}],"schema":{"@context":"https:\/\/schema.org","@graph":[{"@type":"WebPage","@id":"https:\/\/www.eoc.ee\/pood\/usk-ja-elu-ajakirjad\/usk-ja-elu-oigeusu-vaimulik-ajakiri-nr-11\/","url":"https:\/\/www.eoc.ee\/pood\/usk-ja-elu-ajakirjad\/usk-ja-elu-oigeusu-vaimulik-ajakiri-nr-11\/","name":"USK JA ELU \u00d5igeusu vaimulik ajakiri nr 11 &#8211; \u00c9glise Orthodoxe d'Estonie","isPartOf":{"@id":"https:\/\/www.eoc.ee\/#website"},"primaryImageOfPage":{"@id":"https:\/\/www.eoc.ee\/pood\/usk-ja-elu-ajakirjad\/usk-ja-elu-oigeusu-vaimulik-ajakiri-nr-11\/#primaryimage"},"image":{"@id":"https:\/\/www.eoc.ee\/pood\/usk-ja-elu-ajakirjad\/usk-ja-elu-oigeusu-vaimulik-ajakiri-nr-11\/#primaryimage"},"thumbnailUrl":"https:\/\/www.eoc.ee\/wp-content\/uploads\/2020\/04\/Screenshot-2020-04-28-at-13.13.26.png","datePublished":"2020-04-28T13:58:11+00:00","dateModified":"2021-03-06T13:58:27+00:00","breadcrumb":{"@id":"https:\/\/www.eoc.ee\/pood\/usk-ja-elu-ajakirjad\/usk-ja-elu-oigeusu-vaimulik-ajakiri-nr-11\/#breadcrumb"},"inLanguage":"fr-FR","potentialAction":[{"@type":"ReadAction","target":["https:\/\/www.eoc.ee\/pood\/usk-ja-elu-ajakirjad\/usk-ja-elu-oigeusu-vaimulik-ajakiri-nr-11\/"]}]},{"@type":"ImageObject","inLanguage":"fr-FR","@id":"https:\/\/www.eoc.ee\/pood\/usk-ja-elu-ajakirjad\/usk-ja-elu-oigeusu-vaimulik-ajakiri-nr-11\/#primaryimage","url":"https:\/\/www.eoc.ee\/wp-content\/uploads\/2020\/04\/Screenshot-2020-04-28-at-13.13.26.png","contentUrl":"https:\/\/www.eoc.ee\/wp-content\/uploads\/2020\/04\/Screenshot-2020-04-28-at-13.13.26.png","width":607,"height":472,"caption":"USK JA ELU ajakiri"},{"@type":"BreadcrumbList","@id":"https:\/\/www.eoc.ee\/pood\/usk-ja-elu-ajakirjad\/usk-ja-elu-oigeusu-vaimulik-ajakiri-nr-11\/#breadcrumb","itemListElement":[{"@type":"ListItem","position":1,"name":"Home","item":"https:\/\/www.eoc.ee\/"},{"@type":"ListItem","position":2,"name":"USK JA ELU \u00d5igeusu vaimulik ajakiri nr 11"}]},{"@type":"WebSite","@id":"https:\/\/www.eoc.ee\/#website","url":"https:\/\/www.eoc.ee\/","name":"\u00c9glise Orthodoxe d'Estonie","description":"Eesti Apostlik-\u00d5igeusu Kirik","potentialAction":[{"@type":"SearchAction","target":{"@type":"EntryPoint","urlTemplate":"https:\/\/www.eoc.ee\/?s={search_term_string}"},"query-input":{"@type":"PropertyValueSpecification","valueRequired":true,"valueName":"search_term_string"}}],"inLanguage":"fr-FR"}]}},"_links":{"self":[{"href":"https:\/\/www.eoc.ee\/fr\/wp-json\/wp\/v2\/product\/33704","targetHints":{"allow":["GET"]}}],"collection":[{"href":"https:\/\/www.eoc.ee\/fr\/wp-json\/wp\/v2\/product"}],"about":[{"href":"https:\/\/www.eoc.ee\/fr\/wp-json\/wp\/v2\/types\/product"}],"wp:featuredmedia":[{"embeddable":true,"href":"https:\/\/www.eoc.ee\/fr\/wp-json\/wp\/v2\/media\/32824"}],"wp:attachment":[{"href":"https:\/\/www.eoc.ee\/fr\/wp-json\/wp\/v2\/media?parent=33704"}],"wp:term":[{"taxonomy":"product_brand","embeddable":true,"href":"https:\/\/www.eoc.ee\/fr\/wp-json\/wp\/v2\/product_brand?post=33704"},{"taxonomy":"product_cat","embeddable":true,"href":"https:\/\/www.eoc.ee\/fr\/wp-json\/wp\/v2\/product_cat?post=33704"},{"taxonomy":"product_tag","embeddable":true,"href":"https:\/\/www.eoc.ee\/fr\/wp-json\/wp\/v2\/product_tag?post=33704"}],"curies":[{"name":"wp","href":"https:\/\/api.w.org\/{rel}","templated":true}]}}