{"id":33710,"date":"2020-04-28T16:56:16","date_gmt":"2020-04-28T13:56:16","guid":{"rendered":"http:\/\/www.eoc.ee\/?post_type=product&#038;p=33710"},"modified":"2021-03-06T15:59:59","modified_gmt":"2021-03-06T13:59:59","slug":"usk-ja-elu-oigeusu-vaimulik-ajakiri-nr-9","status":"publish","type":"product","link":"https:\/\/www.eoc.ee\/fr\/pood\/usk-ja-elu-ajakirjad\/usk-ja-elu-oigeusu-vaimulik-ajakiri-nr-9\/","title":{"rendered":"USK JA ELU \u00d5igeusu vaimulik ajakiri nr 9"},"content":{"rendered":"<p><strong>Toimetuse kolleegium:<\/strong> metropoliit Stefanus, arhimandriit prof. Grigorios Papathomas, \u00fclempreester Mattias Palli<br \/>\n<strong>Ilmumise kuup\u00e4ev:<\/strong>\u00a02011<br \/>\n<strong>Lehek\u00fclgi:<\/strong>\u00a064<br \/>\n<strong>Formaat: <\/strong>paberajakiri ja PDF<br \/>\n<strong>ISSN:<\/strong> 1736-4000<\/p>\n","protected":false},"excerpt":{"rendered":"<div class=\"layoutArea\">\n<div class=\"column\">\n<p>Selles numbris:<\/p>\n<\/div>\n<\/div>\n<div class=\"layoutArea\">\n<div class=\"column\">\n<div class=\"page\" title=\"Page 3\">\n<div class=\"layoutArea\">\n<div class=\"column\">\n<ul>\n<li>\u00ab\u00a0Kristuse \u00fclest\u00f5usmine, meie lootus!\u00a0\u00bb <strong>metropoliit Stefanus <\/strong><\/li>\n<li>\u00ab\u00a0P\u00fcha Johannes Kuldsuu tagandamine ja kirjad, mida ta vangip\u00f5lves kirjutas\u00a0\u00bb <strong>diakon Kristoforos Parts <\/strong><\/li>\n<li>\u00ab\u00a0\u00dcks v\u00e4ga v\u00e4ike Kirik suures Euroopas\u00a0\u00bb <strong>metropoliit Stefanus <\/strong><\/li>\n<li>\u00ab\u00a0Kiriklik kulturalism: Kultuuri v\u00f5\u00f5randumine ja Kiriku h\u00e4vitamine\u00a0\u00bb <strong>arhimandriit prof. Hdr. Grigorios D. Papathomas <\/strong><\/li>\n<li>\u00ab\u00a0Ikoonid ja k\u00f5iksus. Ikonograafia ja \u00f6koteoloogia\u00a0\u00bb <strong>isa Ioannis Chryssavgis <\/strong><\/li>\n<li>\u00ab\u00a0Kirik dialoogis\u00a0\u00bb <strong>arhimandriit prof. Hdr. Grigorios D. Papathomas <\/strong><\/li>\n<li>\u00ab\u00a0Miks kristlane on apostel Pauluse \u00f5petuse j\u00e4rgi Moosese seaduse alt vaba\u00a0\u00bb <strong>arhimandriit prof. Jacques Khalil <\/strong><\/li>\n<li>Evi Tihemetsa kunst<\/li>\n<\/ul>\n<\/div>\n<\/div>\n<\/div>\n<\/div>\n<\/div>\n","protected":false},"featured_media":32824,"template":"","meta":{"_exactmetrics_skip_tracking":false,"_exactmetrics_sitenote_active":false,"_exactmetrics_sitenote_note":"","_exactmetrics_sitenote_category":0,"_monsterinsights_skip_tracking":false,"_monsterinsights_sitenote_active":false,"_monsterinsights_sitenote_note":"","_monsterinsights_sitenote_category":0},"product_brand":[],"product_cat":[260],"product_tag":[288,325,326,324,278,323,322,261],"class_list":{"0":"post-33710","1":"product","2":"type-product","3":"status-publish","4":"has-post-thumbnail","6":"product_cat-usk-ja-elu-ajakirjad","7":"product_tag-arhimandriit-grigorios-papathomas","8":"product_tag-arhimandriit-jacques-khalil","9":"product_tag-ikoon","10":"product_tag-ioannis-chryssavgis","11":"product_tag-johannes-kuldsuu","12":"product_tag-kristoforos-parts","13":"product_tag-kristuse-ulestousmine","14":"product_tag-metropoliit-stefanus","16":"first","17":"instock","18":"shipping-taxable","19":"purchasable","20":"product-type-variable"},"yoast_head":"<!-- This site is optimized with the Yoast SEO plugin v27.5 - https:\/\/yoast.com\/product\/yoast-seo-wordpress\/ -->\n<title>USK JA ELU \u00d5igeusu vaimulik ajakiri nr 9 &#8211; \u00c9glise Orthodoxe d&#039;Estonie<\/title>\n<meta name=\"robots\" content=\"index, follow, max-snippet:-1, max-image-preview:large, max-video-preview:-1\" \/>\n<link rel=\"canonical\" href=\"https:\/\/www.eoc.ee\/pood\/usk-ja-elu-ajakirjad\/usk-ja-elu-oigeusu-vaimulik-ajakiri-nr-9\/\" \/>\n<meta property=\"og:locale\" content=\"fr_FR\" \/>\n<meta property=\"og:type\" content=\"article\" \/>\n<meta property=\"og:title\" content=\"USK JA ELU \u00d5igeusu vaimulik ajakiri nr 9 &#8211; \u00c9glise Orthodoxe d&#039;Estonie\" \/>\n<meta property=\"og:description\" content=\"Selles numbris:           &quot;Kristuse \u00fclest\u00f5usmine, meie lootus!&quot; metropoliit Stefanus   &quot;P\u00fcha Johannes Kuldsuu tagandamine ja kirjad, mida ta vangip\u00f5lves kirjutas&quot; diakon Kristoforos Parts   &quot;\u00dcks v\u00e4ga v\u00e4ike Kirik suures Euroopas&quot; metropoliit Stefanus   &quot;Kiriklik kulturalism: Kultuuri v\u00f5\u00f5randumine ja Kiriku h\u00e4vitamine&quot; arhimandriit prof. Hdr. Grigorios D. Papathomas   &quot;Ikoonid ja k\u00f5iksus. Ikonograafia ja \u00f6koteoloogia&quot; isa Ioannis Chryssavgis   &quot;Kirik dialoogis&quot; arhimandriit prof. Hdr. Grigorios D. Papathomas   &quot;Miks kristlane on apostel Pauluse \u00f5petuse j\u00e4rgi Moosese seaduse alt vaba&quot; arhimandriit prof. Jacques Khalil   Evi Tihemetsa kunst\" \/>\n<meta property=\"og:url\" content=\"https:\/\/www.eoc.ee\/pood\/usk-ja-elu-ajakirjad\/usk-ja-elu-oigeusu-vaimulik-ajakiri-nr-9\/\" \/>\n<meta property=\"og:site_name\" content=\"\u00c9glise Orthodoxe d&#039;Estonie\" \/>\n<meta property=\"article:modified_time\" content=\"2021-03-06T13:59:59+00:00\" \/>\n<meta property=\"og:image\" content=\"https:\/\/www.eoc.ee\/wp-content\/uploads\/2020\/04\/Screenshot-2020-04-28-at-13.13.26.png\" \/>\n\t<meta property=\"og:image:width\" content=\"607\" \/>\n\t<meta property=\"og:image:height\" content=\"472\" \/>\n\t<meta property=\"og:image:type\" content=\"image\/png\" \/>\n<script type=\"application\/ld+json\" class=\"yoast-schema-graph\">{\"@context\":\"https:\\\/\\\/schema.org\",\"@graph\":[{\"@type\":\"WebPage\",\"@id\":\"https:\\\/\\\/www.eoc.ee\\\/pood\\\/usk-ja-elu-ajakirjad\\\/usk-ja-elu-oigeusu-vaimulik-ajakiri-nr-9\\\/\",\"url\":\"https:\\\/\\\/www.eoc.ee\\\/pood\\\/usk-ja-elu-ajakirjad\\\/usk-ja-elu-oigeusu-vaimulik-ajakiri-nr-9\\\/\",\"name\":\"USK JA ELU \u00d5igeusu vaimulik ajakiri nr 9 &#8211; \u00c9glise Orthodoxe d'Estonie\",\"isPartOf\":{\"@id\":\"https:\\\/\\\/www.eoc.ee\\\/#website\"},\"primaryImageOfPage\":{\"@id\":\"https:\\\/\\\/www.eoc.ee\\\/pood\\\/usk-ja-elu-ajakirjad\\\/usk-ja-elu-oigeusu-vaimulik-ajakiri-nr-9\\\/#primaryimage\"},\"image\":{\"@id\":\"https:\\\/\\\/www.eoc.ee\\\/pood\\\/usk-ja-elu-ajakirjad\\\/usk-ja-elu-oigeusu-vaimulik-ajakiri-nr-9\\\/#primaryimage\"},\"thumbnailUrl\":\"https:\\\/\\\/www.eoc.ee\\\/wp-content\\\/uploads\\\/2020\\\/04\\\/Screenshot-2020-04-28-at-13.13.26.png\",\"datePublished\":\"2020-04-28T13:56:16+00:00\",\"dateModified\":\"2021-03-06T13:59:59+00:00\",\"breadcrumb\":{\"@id\":\"https:\\\/\\\/www.eoc.ee\\\/pood\\\/usk-ja-elu-ajakirjad\\\/usk-ja-elu-oigeusu-vaimulik-ajakiri-nr-9\\\/#breadcrumb\"},\"inLanguage\":\"fr-FR\",\"potentialAction\":[{\"@type\":\"ReadAction\",\"target\":[\"https:\\\/\\\/www.eoc.ee\\\/pood\\\/usk-ja-elu-ajakirjad\\\/usk-ja-elu-oigeusu-vaimulik-ajakiri-nr-9\\\/\"]}]},{\"@type\":\"ImageObject\",\"inLanguage\":\"fr-FR\",\"@id\":\"https:\\\/\\\/www.eoc.ee\\\/pood\\\/usk-ja-elu-ajakirjad\\\/usk-ja-elu-oigeusu-vaimulik-ajakiri-nr-9\\\/#primaryimage\",\"url\":\"https:\\\/\\\/www.eoc.ee\\\/wp-content\\\/uploads\\\/2020\\\/04\\\/Screenshot-2020-04-28-at-13.13.26.png\",\"contentUrl\":\"https:\\\/\\\/www.eoc.ee\\\/wp-content\\\/uploads\\\/2020\\\/04\\\/Screenshot-2020-04-28-at-13.13.26.png\",\"width\":607,\"height\":472,\"caption\":\"USK JA ELU ajakiri\"},{\"@type\":\"BreadcrumbList\",\"@id\":\"https:\\\/\\\/www.eoc.ee\\\/pood\\\/usk-ja-elu-ajakirjad\\\/usk-ja-elu-oigeusu-vaimulik-ajakiri-nr-9\\\/#breadcrumb\",\"itemListElement\":[{\"@type\":\"ListItem\",\"position\":1,\"name\":\"Home\",\"item\":\"https:\\\/\\\/www.eoc.ee\\\/\"},{\"@type\":\"ListItem\",\"position\":2,\"name\":\"USK JA ELU \u00d5igeusu vaimulik ajakiri nr 9\"}]},{\"@type\":\"WebSite\",\"@id\":\"https:\\\/\\\/www.eoc.ee\\\/#website\",\"url\":\"https:\\\/\\\/www.eoc.ee\\\/\",\"name\":\"\u00c9glise Orthodoxe d'Estonie\",\"description\":\"Eesti Apostlik-\u00d5igeusu Kirik\",\"potentialAction\":[{\"@type\":\"SearchAction\",\"target\":{\"@type\":\"EntryPoint\",\"urlTemplate\":\"https:\\\/\\\/www.eoc.ee\\\/?s={search_term_string}\"},\"query-input\":{\"@type\":\"PropertyValueSpecification\",\"valueRequired\":true,\"valueName\":\"search_term_string\"}}],\"inLanguage\":\"fr-FR\"}]}<\/script>\n<!-- \/ Yoast SEO plugin. -->","yoast_head_json":{"title":"USK JA ELU \u00d5igeusu vaimulik ajakiri nr 9 &#8211; \u00c9glise Orthodoxe d'Estonie","robots":{"index":"index","follow":"follow","max-snippet":"max-snippet:-1","max-image-preview":"max-image-preview:large","max-video-preview":"max-video-preview:-1"},"canonical":"https:\/\/www.eoc.ee\/pood\/usk-ja-elu-ajakirjad\/usk-ja-elu-oigeusu-vaimulik-ajakiri-nr-9\/","og_locale":"fr_FR","og_type":"article","og_title":"USK JA ELU \u00d5igeusu vaimulik ajakiri nr 9 &#8211; \u00c9glise Orthodoxe d'Estonie","og_description":"Selles numbris:           \"Kristuse \u00fclest\u00f5usmine, meie lootus!\" metropoliit Stefanus   \"P\u00fcha Johannes Kuldsuu tagandamine ja kirjad, mida ta vangip\u00f5lves kirjutas\" diakon Kristoforos Parts   \"\u00dcks v\u00e4ga v\u00e4ike Kirik suures Euroopas\" metropoliit Stefanus   \"Kiriklik kulturalism: Kultuuri v\u00f5\u00f5randumine ja Kiriku h\u00e4vitamine\" arhimandriit prof. Hdr. Grigorios D. Papathomas   \"Ikoonid ja k\u00f5iksus. Ikonograafia ja \u00f6koteoloogia\" isa Ioannis Chryssavgis   \"Kirik dialoogis\" arhimandriit prof. Hdr. Grigorios D. Papathomas   \"Miks kristlane on apostel Pauluse \u00f5petuse j\u00e4rgi Moosese seaduse alt vaba\" arhimandriit prof. Jacques Khalil   Evi Tihemetsa kunst","og_url":"https:\/\/www.eoc.ee\/pood\/usk-ja-elu-ajakirjad\/usk-ja-elu-oigeusu-vaimulik-ajakiri-nr-9\/","og_site_name":"\u00c9glise Orthodoxe d'Estonie","article_modified_time":"2021-03-06T13:59:59+00:00","og_image":[{"width":607,"height":472,"url":"https:\/\/www.eoc.ee\/wp-content\/uploads\/2020\/04\/Screenshot-2020-04-28-at-13.13.26.png","type":"image\/png"}],"schema":{"@context":"https:\/\/schema.org","@graph":[{"@type":"WebPage","@id":"https:\/\/www.eoc.ee\/pood\/usk-ja-elu-ajakirjad\/usk-ja-elu-oigeusu-vaimulik-ajakiri-nr-9\/","url":"https:\/\/www.eoc.ee\/pood\/usk-ja-elu-ajakirjad\/usk-ja-elu-oigeusu-vaimulik-ajakiri-nr-9\/","name":"USK JA ELU \u00d5igeusu vaimulik ajakiri nr 9 &#8211; \u00c9glise Orthodoxe d'Estonie","isPartOf":{"@id":"https:\/\/www.eoc.ee\/#website"},"primaryImageOfPage":{"@id":"https:\/\/www.eoc.ee\/pood\/usk-ja-elu-ajakirjad\/usk-ja-elu-oigeusu-vaimulik-ajakiri-nr-9\/#primaryimage"},"image":{"@id":"https:\/\/www.eoc.ee\/pood\/usk-ja-elu-ajakirjad\/usk-ja-elu-oigeusu-vaimulik-ajakiri-nr-9\/#primaryimage"},"thumbnailUrl":"https:\/\/www.eoc.ee\/wp-content\/uploads\/2020\/04\/Screenshot-2020-04-28-at-13.13.26.png","datePublished":"2020-04-28T13:56:16+00:00","dateModified":"2021-03-06T13:59:59+00:00","breadcrumb":{"@id":"https:\/\/www.eoc.ee\/pood\/usk-ja-elu-ajakirjad\/usk-ja-elu-oigeusu-vaimulik-ajakiri-nr-9\/#breadcrumb"},"inLanguage":"fr-FR","potentialAction":[{"@type":"ReadAction","target":["https:\/\/www.eoc.ee\/pood\/usk-ja-elu-ajakirjad\/usk-ja-elu-oigeusu-vaimulik-ajakiri-nr-9\/"]}]},{"@type":"ImageObject","inLanguage":"fr-FR","@id":"https:\/\/www.eoc.ee\/pood\/usk-ja-elu-ajakirjad\/usk-ja-elu-oigeusu-vaimulik-ajakiri-nr-9\/#primaryimage","url":"https:\/\/www.eoc.ee\/wp-content\/uploads\/2020\/04\/Screenshot-2020-04-28-at-13.13.26.png","contentUrl":"https:\/\/www.eoc.ee\/wp-content\/uploads\/2020\/04\/Screenshot-2020-04-28-at-13.13.26.png","width":607,"height":472,"caption":"USK JA ELU ajakiri"},{"@type":"BreadcrumbList","@id":"https:\/\/www.eoc.ee\/pood\/usk-ja-elu-ajakirjad\/usk-ja-elu-oigeusu-vaimulik-ajakiri-nr-9\/#breadcrumb","itemListElement":[{"@type":"ListItem","position":1,"name":"Home","item":"https:\/\/www.eoc.ee\/"},{"@type":"ListItem","position":2,"name":"USK JA ELU \u00d5igeusu vaimulik ajakiri nr 9"}]},{"@type":"WebSite","@id":"https:\/\/www.eoc.ee\/#website","url":"https:\/\/www.eoc.ee\/","name":"\u00c9glise Orthodoxe d'Estonie","description":"Eesti Apostlik-\u00d5igeusu Kirik","potentialAction":[{"@type":"SearchAction","target":{"@type":"EntryPoint","urlTemplate":"https:\/\/www.eoc.ee\/?s={search_term_string}"},"query-input":{"@type":"PropertyValueSpecification","valueRequired":true,"valueName":"search_term_string"}}],"inLanguage":"fr-FR"}]}},"_links":{"self":[{"href":"https:\/\/www.eoc.ee\/fr\/wp-json\/wp\/v2\/product\/33710","targetHints":{"allow":["GET"]}}],"collection":[{"href":"https:\/\/www.eoc.ee\/fr\/wp-json\/wp\/v2\/product"}],"about":[{"href":"https:\/\/www.eoc.ee\/fr\/wp-json\/wp\/v2\/types\/product"}],"wp:featuredmedia":[{"embeddable":true,"href":"https:\/\/www.eoc.ee\/fr\/wp-json\/wp\/v2\/media\/32824"}],"wp:attachment":[{"href":"https:\/\/www.eoc.ee\/fr\/wp-json\/wp\/v2\/media?parent=33710"}],"wp:term":[{"taxonomy":"product_brand","embeddable":true,"href":"https:\/\/www.eoc.ee\/fr\/wp-json\/wp\/v2\/product_brand?post=33710"},{"taxonomy":"product_cat","embeddable":true,"href":"https:\/\/www.eoc.ee\/fr\/wp-json\/wp\/v2\/product_cat?post=33710"},{"taxonomy":"product_tag","embeddable":true,"href":"https:\/\/www.eoc.ee\/fr\/wp-json\/wp\/v2\/product_tag?post=33710"}],"curies":[{"name":"wp","href":"https:\/\/api.w.org\/{rel}","templated":true}]}}