{"id":34282,"date":"2021-07-22T11:29:50","date_gmt":"2021-07-22T08:29:50","guid":{"rendered":"http:\/\/www.eoc.ee\/?post_type=product&#038;p=34282"},"modified":"2021-07-23T14:28:59","modified_gmt":"2021-07-23T11:28:59","slug":"usk-ja-elu-oigeusu-vaimulik-ajakiri-nr-19","status":"publish","type":"product","link":"https:\/\/www.eoc.ee\/fr\/pood\/eestikeelne-kirjandus\/usk-ja-elu-oigeusu-vaimulik-ajakiri-nr-19\/","title":{"rendered":"USK JA ELU \u00d5IGEUSU VAIMULIK AJAKIRI NR 19"},"content":{"rendered":"<p><strong>Toimetuse kolleegium:\u00a0<\/strong>metropoliit Stefanus, arhimandriit prof. Grigorios Papathomas, \u00fclempreester Mattias Palli<strong><br \/>\n<\/strong><strong>Ilmumis<\/strong><strong>aasta:\u00a0<\/strong>2021<br \/>\n<strong>Lehek\u00fclgi:\u00a0<\/strong>95<br \/>\n<strong>Formaat:\u00a0<\/strong>pehmekaaneline<strong><br \/>\nKirjastus:<\/strong>\u00a0EA\u00d5K kirjastus; Auratr\u00fckk<br \/>\n<strong>ISBN:\u00a0<\/strong>1736-4000<\/p>\n","protected":false},"excerpt":{"rendered":"<p>Selles numbris toome lugejateni programmdokumendi \u00ab\u00a0\u00d5igeusu sotsiaaleetika\u00a0\u00bb t\u00f5lke, mille on koostanud Oikumeenilise Patriarhaadi loodud t\u00f6\u00f6r\u00fchm. Dokument p\u00f5hineb 2016. aastal Kreetal toiminud suure kirikukogu otsustel ja sellele eelnenud aruteludel ning p\u00fc\u00fcab need otsused \u00fchiskondlikuks tegevuskavaks \u00fcmber s\u00f5nastada.<\/p>\n","protected":false},"featured_media":34283,"template":"","meta":{"_exactmetrics_skip_tracking":false,"_exactmetrics_sitenote_active":false,"_exactmetrics_sitenote_note":"","_exactmetrics_sitenote_category":0,"_monsterinsights_skip_tracking":false,"_monsterinsights_sitenote_active":false,"_monsterinsights_sitenote_note":"","_monsterinsights_sitenote_category":0},"product_brand":[],"product_cat":[222,260],"product_tag":[],"class_list":{"0":"post-34282","1":"product","2":"type-product","3":"status-publish","4":"has-post-thumbnail","6":"product_cat-eestikeelne-kirjandus","7":"product_cat-usk-ja-elu-ajakirjad","9":"first","10":"instock","11":"shipping-taxable","12":"purchasable","13":"product-type-simple"},"yoast_head":"<!-- This site is optimized with the Yoast SEO plugin v27.5 - https:\/\/yoast.com\/product\/yoast-seo-wordpress\/ -->\n<title>USK JA ELU \u00d5IGEUSU VAIMULIK AJAKIRI NR 19 &#8211; \u00c9glise Orthodoxe d&#039;Estonie<\/title>\n<meta name=\"robots\" content=\"index, follow, max-snippet:-1, max-image-preview:large, max-video-preview:-1\" \/>\n<link rel=\"canonical\" href=\"https:\/\/www.eoc.ee\/pood\/eestikeelne-kirjandus\/usk-ja-elu-oigeusu-vaimulik-ajakiri-nr-19\/\" \/>\n<meta property=\"og:locale\" content=\"fr_FR\" \/>\n<meta property=\"og:type\" content=\"article\" \/>\n<meta property=\"og:title\" content=\"USK JA ELU \u00d5IGEUSU VAIMULIK AJAKIRI NR 19 &#8211; \u00c9glise Orthodoxe d&#039;Estonie\" \/>\n<meta property=\"og:description\" content=\"Selles numbris toome lugejateni programmdokumendi &quot;\u00d5igeusu sotsiaaleetika&quot; t\u00f5lke, mille on koostanud Oikumeenilise Patriarhaadi loodud t\u00f6\u00f6r\u00fchm. Dokument p\u00f5hineb 2016. aastal Kreetal toiminud suure kirikukogu otsustel ja sellele eelnenud aruteludel ning p\u00fc\u00fcab need otsused \u00fchiskondlikuks tegevuskavaks \u00fcmber s\u00f5nastada.\" \/>\n<meta property=\"og:url\" content=\"https:\/\/www.eoc.ee\/pood\/eestikeelne-kirjandus\/usk-ja-elu-oigeusu-vaimulik-ajakiri-nr-19\/\" \/>\n<meta property=\"og:site_name\" content=\"\u00c9glise Orthodoxe d&#039;Estonie\" \/>\n<meta property=\"article:modified_time\" content=\"2021-07-23T11:28:59+00:00\" \/>\n<meta property=\"og:image\" content=\"https:\/\/www.eoc.ee\/wp-content\/uploads\/2021\/07\/IMG_9687-1-scaled.jpeg\" \/>\n\t<meta property=\"og:image:width\" content=\"1815\" \/>\n\t<meta property=\"og:image:height\" content=\"2560\" \/>\n\t<meta property=\"og:image:type\" content=\"image\/jpeg\" \/>\n<meta name=\"twitter:label1\" content=\"Dur\u00e9e de lecture estim\u00e9e\" \/>\n\t<meta name=\"twitter:data1\" content=\"1 minute\" \/>\n<script type=\"application\/ld+json\" class=\"yoast-schema-graph\">{\"@context\":\"https:\\\/\\\/schema.org\",\"@graph\":[{\"@type\":\"WebPage\",\"@id\":\"https:\\\/\\\/www.eoc.ee\\\/pood\\\/eestikeelne-kirjandus\\\/usk-ja-elu-oigeusu-vaimulik-ajakiri-nr-19\\\/\",\"url\":\"https:\\\/\\\/www.eoc.ee\\\/pood\\\/eestikeelne-kirjandus\\\/usk-ja-elu-oigeusu-vaimulik-ajakiri-nr-19\\\/\",\"name\":\"USK JA ELU \u00d5IGEUSU VAIMULIK AJAKIRI NR 19 &#8211; \u00c9glise Orthodoxe d'Estonie\",\"isPartOf\":{\"@id\":\"https:\\\/\\\/www.eoc.ee\\\/#website\"},\"primaryImageOfPage\":{\"@id\":\"https:\\\/\\\/www.eoc.ee\\\/pood\\\/eestikeelne-kirjandus\\\/usk-ja-elu-oigeusu-vaimulik-ajakiri-nr-19\\\/#primaryimage\"},\"image\":{\"@id\":\"https:\\\/\\\/www.eoc.ee\\\/pood\\\/eestikeelne-kirjandus\\\/usk-ja-elu-oigeusu-vaimulik-ajakiri-nr-19\\\/#primaryimage\"},\"thumbnailUrl\":\"https:\\\/\\\/www.eoc.ee\\\/wp-content\\\/uploads\\\/2021\\\/07\\\/IMG_9687-1-scaled.jpeg\",\"datePublished\":\"2021-07-22T08:29:50+00:00\",\"dateModified\":\"2021-07-23T11:28:59+00:00\",\"breadcrumb\":{\"@id\":\"https:\\\/\\\/www.eoc.ee\\\/pood\\\/eestikeelne-kirjandus\\\/usk-ja-elu-oigeusu-vaimulik-ajakiri-nr-19\\\/#breadcrumb\"},\"inLanguage\":\"fr-FR\",\"potentialAction\":[{\"@type\":\"ReadAction\",\"target\":[\"https:\\\/\\\/www.eoc.ee\\\/pood\\\/eestikeelne-kirjandus\\\/usk-ja-elu-oigeusu-vaimulik-ajakiri-nr-19\\\/\"]}]},{\"@type\":\"ImageObject\",\"inLanguage\":\"fr-FR\",\"@id\":\"https:\\\/\\\/www.eoc.ee\\\/pood\\\/eestikeelne-kirjandus\\\/usk-ja-elu-oigeusu-vaimulik-ajakiri-nr-19\\\/#primaryimage\",\"url\":\"https:\\\/\\\/www.eoc.ee\\\/wp-content\\\/uploads\\\/2021\\\/07\\\/IMG_9687-1-scaled.jpeg\",\"contentUrl\":\"https:\\\/\\\/www.eoc.ee\\\/wp-content\\\/uploads\\\/2021\\\/07\\\/IMG_9687-1-scaled.jpeg\",\"width\":1815,\"height\":2560,\"caption\":\"Usk ja elu 19\"},{\"@type\":\"BreadcrumbList\",\"@id\":\"https:\\\/\\\/www.eoc.ee\\\/pood\\\/eestikeelne-kirjandus\\\/usk-ja-elu-oigeusu-vaimulik-ajakiri-nr-19\\\/#breadcrumb\",\"itemListElement\":[{\"@type\":\"ListItem\",\"position\":1,\"name\":\"Home\",\"item\":\"https:\\\/\\\/www.eoc.ee\\\/\"},{\"@type\":\"ListItem\",\"position\":2,\"name\":\"USK JA ELU \u00d5IGEUSU VAIMULIK AJAKIRI NR 19\"}]},{\"@type\":\"WebSite\",\"@id\":\"https:\\\/\\\/www.eoc.ee\\\/#website\",\"url\":\"https:\\\/\\\/www.eoc.ee\\\/\",\"name\":\"\u00c9glise Orthodoxe d'Estonie\",\"description\":\"Eesti Apostlik-\u00d5igeusu Kirik\",\"potentialAction\":[{\"@type\":\"SearchAction\",\"target\":{\"@type\":\"EntryPoint\",\"urlTemplate\":\"https:\\\/\\\/www.eoc.ee\\\/?s={search_term_string}\"},\"query-input\":{\"@type\":\"PropertyValueSpecification\",\"valueRequired\":true,\"valueName\":\"search_term_string\"}}],\"inLanguage\":\"fr-FR\"}]}<\/script>\n<!-- \/ Yoast SEO plugin. -->","yoast_head_json":{"title":"USK JA ELU \u00d5IGEUSU VAIMULIK AJAKIRI NR 19 &#8211; \u00c9glise Orthodoxe d'Estonie","robots":{"index":"index","follow":"follow","max-snippet":"max-snippet:-1","max-image-preview":"max-image-preview:large","max-video-preview":"max-video-preview:-1"},"canonical":"https:\/\/www.eoc.ee\/pood\/eestikeelne-kirjandus\/usk-ja-elu-oigeusu-vaimulik-ajakiri-nr-19\/","og_locale":"fr_FR","og_type":"article","og_title":"USK JA ELU \u00d5IGEUSU VAIMULIK AJAKIRI NR 19 &#8211; \u00c9glise Orthodoxe d'Estonie","og_description":"Selles numbris toome lugejateni programmdokumendi \"\u00d5igeusu sotsiaaleetika\" t\u00f5lke, mille on koostanud Oikumeenilise Patriarhaadi loodud t\u00f6\u00f6r\u00fchm. Dokument p\u00f5hineb 2016. aastal Kreetal toiminud suure kirikukogu otsustel ja sellele eelnenud aruteludel ning p\u00fc\u00fcab need otsused \u00fchiskondlikuks tegevuskavaks \u00fcmber s\u00f5nastada.","og_url":"https:\/\/www.eoc.ee\/pood\/eestikeelne-kirjandus\/usk-ja-elu-oigeusu-vaimulik-ajakiri-nr-19\/","og_site_name":"\u00c9glise Orthodoxe d'Estonie","article_modified_time":"2021-07-23T11:28:59+00:00","og_image":[{"width":1815,"height":2560,"url":"https:\/\/www.eoc.ee\/wp-content\/uploads\/2021\/07\/IMG_9687-1-scaled.jpeg","type":"image\/jpeg"}],"twitter_misc":{"Dur\u00e9e de lecture estim\u00e9e":"1 minute"},"schema":{"@context":"https:\/\/schema.org","@graph":[{"@type":"WebPage","@id":"https:\/\/www.eoc.ee\/pood\/eestikeelne-kirjandus\/usk-ja-elu-oigeusu-vaimulik-ajakiri-nr-19\/","url":"https:\/\/www.eoc.ee\/pood\/eestikeelne-kirjandus\/usk-ja-elu-oigeusu-vaimulik-ajakiri-nr-19\/","name":"USK JA ELU \u00d5IGEUSU VAIMULIK AJAKIRI NR 19 &#8211; \u00c9glise Orthodoxe d'Estonie","isPartOf":{"@id":"https:\/\/www.eoc.ee\/#website"},"primaryImageOfPage":{"@id":"https:\/\/www.eoc.ee\/pood\/eestikeelne-kirjandus\/usk-ja-elu-oigeusu-vaimulik-ajakiri-nr-19\/#primaryimage"},"image":{"@id":"https:\/\/www.eoc.ee\/pood\/eestikeelne-kirjandus\/usk-ja-elu-oigeusu-vaimulik-ajakiri-nr-19\/#primaryimage"},"thumbnailUrl":"https:\/\/www.eoc.ee\/wp-content\/uploads\/2021\/07\/IMG_9687-1-scaled.jpeg","datePublished":"2021-07-22T08:29:50+00:00","dateModified":"2021-07-23T11:28:59+00:00","breadcrumb":{"@id":"https:\/\/www.eoc.ee\/pood\/eestikeelne-kirjandus\/usk-ja-elu-oigeusu-vaimulik-ajakiri-nr-19\/#breadcrumb"},"inLanguage":"fr-FR","potentialAction":[{"@type":"ReadAction","target":["https:\/\/www.eoc.ee\/pood\/eestikeelne-kirjandus\/usk-ja-elu-oigeusu-vaimulik-ajakiri-nr-19\/"]}]},{"@type":"ImageObject","inLanguage":"fr-FR","@id":"https:\/\/www.eoc.ee\/pood\/eestikeelne-kirjandus\/usk-ja-elu-oigeusu-vaimulik-ajakiri-nr-19\/#primaryimage","url":"https:\/\/www.eoc.ee\/wp-content\/uploads\/2021\/07\/IMG_9687-1-scaled.jpeg","contentUrl":"https:\/\/www.eoc.ee\/wp-content\/uploads\/2021\/07\/IMG_9687-1-scaled.jpeg","width":1815,"height":2560,"caption":"Usk ja elu 19"},{"@type":"BreadcrumbList","@id":"https:\/\/www.eoc.ee\/pood\/eestikeelne-kirjandus\/usk-ja-elu-oigeusu-vaimulik-ajakiri-nr-19\/#breadcrumb","itemListElement":[{"@type":"ListItem","position":1,"name":"Home","item":"https:\/\/www.eoc.ee\/"},{"@type":"ListItem","position":2,"name":"USK JA ELU \u00d5IGEUSU VAIMULIK AJAKIRI NR 19"}]},{"@type":"WebSite","@id":"https:\/\/www.eoc.ee\/#website","url":"https:\/\/www.eoc.ee\/","name":"\u00c9glise Orthodoxe d'Estonie","description":"Eesti Apostlik-\u00d5igeusu Kirik","potentialAction":[{"@type":"SearchAction","target":{"@type":"EntryPoint","urlTemplate":"https:\/\/www.eoc.ee\/?s={search_term_string}"},"query-input":{"@type":"PropertyValueSpecification","valueRequired":true,"valueName":"search_term_string"}}],"inLanguage":"fr-FR"}]}},"_links":{"self":[{"href":"https:\/\/www.eoc.ee\/fr\/wp-json\/wp\/v2\/product\/34282","targetHints":{"allow":["GET"]}}],"collection":[{"href":"https:\/\/www.eoc.ee\/fr\/wp-json\/wp\/v2\/product"}],"about":[{"href":"https:\/\/www.eoc.ee\/fr\/wp-json\/wp\/v2\/types\/product"}],"wp:featuredmedia":[{"embeddable":true,"href":"https:\/\/www.eoc.ee\/fr\/wp-json\/wp\/v2\/media\/34283"}],"wp:attachment":[{"href":"https:\/\/www.eoc.ee\/fr\/wp-json\/wp\/v2\/media?parent=34282"}],"wp:term":[{"taxonomy":"product_brand","embeddable":true,"href":"https:\/\/www.eoc.ee\/fr\/wp-json\/wp\/v2\/product_brand?post=34282"},{"taxonomy":"product_cat","embeddable":true,"href":"https:\/\/www.eoc.ee\/fr\/wp-json\/wp\/v2\/product_cat?post=34282"},{"taxonomy":"product_tag","embeddable":true,"href":"https:\/\/www.eoc.ee\/fr\/wp-json\/wp\/v2\/product_tag?post=34282"}],"curies":[{"name":"wp","href":"https:\/\/api.w.org\/{rel}","templated":true}]}}