{"id":34453,"date":"2021-10-22T20:50:19","date_gmt":"2021-10-22T17:50:19","guid":{"rendered":"http:\/\/www.eoc.ee\/?post_type=product&#038;p=34453"},"modified":"2021-10-22T20:50:19","modified_gmt":"2021-10-22T17:50:19","slug":"onnetus-olla-vaike-kirik-vaikesel-maal-teoloogiline-tode-eesti-oigeusu-kiriku-kohta","status":"publish","type":"product","link":"https:\/\/www.eoc.ee\/fr\/pood\/eestikeelne-kirjandus\/onnetus-olla-vaike-kirik-vaikesel-maal-teoloogiline-tode-eesti-oigeusu-kiriku-kohta\/","title":{"rendered":"\u00d5nnetus olla v\u00e4ike kirik v\u00e4ikesel maal. Teoloogiline t\u00f5de Eesti \u00d5igeusu Kiriku kohta"},"content":{"rendered":"<p><strong>Autorid:<\/strong> Grigorios D. Papathomas; keeletoimetaja Epp V\u00e4li; kujundus Inga Heam\u00e4gi; toimetaja Madis Kolk<br \/>\n<strong>Ilmumis<\/strong><strong>aasta:\u00a0<\/strong>2007<br \/>\n<strong>Lehek\u00fclgi:<\/strong> 240<br \/>\n<strong>Formaat: <\/strong>k\u00f5vakaaneline<strong><br \/>\nKirjastus:<\/strong> P\u00fcha Plaotoni \u00d5igeusu Teoloogia Seminar<\/p>\n","protected":false},"excerpt":{"rendered":"<p>Kanoonilise \u00f5iguse professor Grigorios Papathomas toob selles raamatus v\u00e4lja, et EA\u00d5K on autonoomse kirikuna olemas 1923. aastast ja tema autonoomiatomos taaskehtestati p\u00e4rast N\u00f5ukogude okupatsioonist tingitud vaheaega 1996. aastal, kuid Vene \u00d5igeusu Kirik pole seda tunnustanud vastavalt oma p\u00f5hikirjale, mis peab Eestit oma \u00ab\u00a0kanooniliseks territooriumiks\u00a0\u00bb. Toetudes oma tugevatele teadmistele prof Grigorios Papathomas l\u00fckkab selle viimase v\u00e4ite \u00fcmber.<\/p>\n","protected":false},"featured_media":34454,"template":"","meta":{"_exactmetrics_skip_tracking":false,"_exactmetrics_sitenote_active":false,"_exactmetrics_sitenote_note":"","_exactmetrics_sitenote_category":0,"_monsterinsights_skip_tracking":false,"_monsterinsights_sitenote_active":false,"_monsterinsights_sitenote_note":"","_monsterinsights_sitenote_category":0},"product_brand":[],"product_cat":[222,427],"product_tag":[],"class_list":{"0":"post-34453","1":"product","2":"type-product","3":"status-publish","4":"has-post-thumbnail","6":"product_cat-eestikeelne-kirjandus","7":"product_cat-po-russki","9":"first","10":"instock","11":"shipping-taxable","12":"purchasable","13":"product-type-simple"},"yoast_head":"<!-- This site is optimized with the Yoast SEO plugin v27.5 - https:\/\/yoast.com\/product\/yoast-seo-wordpress\/ -->\n<title>\u00d5nnetus olla v\u00e4ike kirik v\u00e4ikesel maal. Teoloogiline t\u00f5de Eesti \u00d5igeusu Kiriku kohta &#8211; \u00c9glise Orthodoxe d&#039;Estonie<\/title>\n<meta name=\"robots\" content=\"index, follow, max-snippet:-1, max-image-preview:large, max-video-preview:-1\" \/>\n<link rel=\"canonical\" href=\"https:\/\/www.eoc.ee\/pood\/eestikeelne-kirjandus\/onnetus-olla-vaike-kirik-vaikesel-maal-teoloogiline-tode-eesti-oigeusu-kiriku-kohta\/\" \/>\n<meta property=\"og:locale\" content=\"fr_FR\" \/>\n<meta property=\"og:type\" content=\"article\" \/>\n<meta property=\"og:title\" content=\"\u00d5nnetus olla v\u00e4ike kirik v\u00e4ikesel maal. Teoloogiline t\u00f5de Eesti \u00d5igeusu Kiriku kohta &#8211; \u00c9glise Orthodoxe d&#039;Estonie\" \/>\n<meta property=\"og:description\" content=\"Kanoonilise \u00f5iguse professor Grigorios Papathomas toob selles raamatus v\u00e4lja, et EA\u00d5K on autonoomse kirikuna olemas 1923. aastast ja tema autonoomiatomos taaskehtestati p\u00e4rast N\u00f5ukogude okupatsioonist tingitud vaheaega 1996. aastal, kuid Vene \u00d5igeusu Kirik pole seda tunnustanud vastavalt oma p\u00f5hikirjale, mis peab Eestit oma &quot;kanooniliseks territooriumiks&quot;. Toetudes oma tugevatele teadmistele prof Grigorios Papathomas l\u00fckkab selle viimase v\u00e4ite \u00fcmber.\" \/>\n<meta property=\"og:url\" content=\"https:\/\/www.eoc.ee\/pood\/eestikeelne-kirjandus\/onnetus-olla-vaike-kirik-vaikesel-maal-teoloogiline-tode-eesti-oigeusu-kiriku-kohta\/\" \/>\n<meta property=\"og:site_name\" content=\"\u00c9glise Orthodoxe d&#039;Estonie\" \/>\n<meta property=\"og:image\" content=\"https:\/\/www.eoc.ee\/wp-content\/uploads\/2021\/10\/IMG_7720.jpg\" \/>\n\t<meta property=\"og:image:width\" content=\"1000\" \/>\n\t<meta property=\"og:image:height\" content=\"1580\" \/>\n\t<meta property=\"og:image:type\" content=\"image\/jpeg\" \/>\n<meta name=\"twitter:label1\" content=\"Dur\u00e9e de lecture estim\u00e9e\" \/>\n\t<meta name=\"twitter:data1\" content=\"1 minute\" \/>\n<script type=\"application\/ld+json\" class=\"yoast-schema-graph\">{\"@context\":\"https:\\\/\\\/schema.org\",\"@graph\":[{\"@type\":\"WebPage\",\"@id\":\"https:\\\/\\\/www.eoc.ee\\\/pood\\\/eestikeelne-kirjandus\\\/onnetus-olla-vaike-kirik-vaikesel-maal-teoloogiline-tode-eesti-oigeusu-kiriku-kohta\\\/\",\"url\":\"https:\\\/\\\/www.eoc.ee\\\/pood\\\/eestikeelne-kirjandus\\\/onnetus-olla-vaike-kirik-vaikesel-maal-teoloogiline-tode-eesti-oigeusu-kiriku-kohta\\\/\",\"name\":\"\u00d5nnetus olla v\u00e4ike kirik v\u00e4ikesel maal. Teoloogiline t\u00f5de Eesti \u00d5igeusu Kiriku kohta &#8211; \u00c9glise Orthodoxe d'Estonie\",\"isPartOf\":{\"@id\":\"https:\\\/\\\/www.eoc.ee\\\/#website\"},\"primaryImageOfPage\":{\"@id\":\"https:\\\/\\\/www.eoc.ee\\\/pood\\\/eestikeelne-kirjandus\\\/onnetus-olla-vaike-kirik-vaikesel-maal-teoloogiline-tode-eesti-oigeusu-kiriku-kohta\\\/#primaryimage\"},\"image\":{\"@id\":\"https:\\\/\\\/www.eoc.ee\\\/pood\\\/eestikeelne-kirjandus\\\/onnetus-olla-vaike-kirik-vaikesel-maal-teoloogiline-tode-eesti-oigeusu-kiriku-kohta\\\/#primaryimage\"},\"thumbnailUrl\":\"https:\\\/\\\/www.eoc.ee\\\/wp-content\\\/uploads\\\/2021\\\/10\\\/IMG_7720.jpg\",\"datePublished\":\"2021-10-22T17:50:19+00:00\",\"breadcrumb\":{\"@id\":\"https:\\\/\\\/www.eoc.ee\\\/pood\\\/eestikeelne-kirjandus\\\/onnetus-olla-vaike-kirik-vaikesel-maal-teoloogiline-tode-eesti-oigeusu-kiriku-kohta\\\/#breadcrumb\"},\"inLanguage\":\"fr-FR\",\"potentialAction\":[{\"@type\":\"ReadAction\",\"target\":[\"https:\\\/\\\/www.eoc.ee\\\/pood\\\/eestikeelne-kirjandus\\\/onnetus-olla-vaike-kirik-vaikesel-maal-teoloogiline-tode-eesti-oigeusu-kiriku-kohta\\\/\"]}]},{\"@type\":\"ImageObject\",\"inLanguage\":\"fr-FR\",\"@id\":\"https:\\\/\\\/www.eoc.ee\\\/pood\\\/eestikeelne-kirjandus\\\/onnetus-olla-vaike-kirik-vaikesel-maal-teoloogiline-tode-eesti-oigeusu-kiriku-kohta\\\/#primaryimage\",\"url\":\"https:\\\/\\\/www.eoc.ee\\\/wp-content\\\/uploads\\\/2021\\\/10\\\/IMG_7720.jpg\",\"contentUrl\":\"https:\\\/\\\/www.eoc.ee\\\/wp-content\\\/uploads\\\/2021\\\/10\\\/IMG_7720.jpg\",\"width\":1000,\"height\":1580},{\"@type\":\"BreadcrumbList\",\"@id\":\"https:\\\/\\\/www.eoc.ee\\\/pood\\\/eestikeelne-kirjandus\\\/onnetus-olla-vaike-kirik-vaikesel-maal-teoloogiline-tode-eesti-oigeusu-kiriku-kohta\\\/#breadcrumb\",\"itemListElement\":[{\"@type\":\"ListItem\",\"position\":1,\"name\":\"Home\",\"item\":\"https:\\\/\\\/www.eoc.ee\\\/\"},{\"@type\":\"ListItem\",\"position\":2,\"name\":\"\u00d5nnetus olla v\u00e4ike kirik v\u00e4ikesel maal. Teoloogiline t\u00f5de Eesti \u00d5igeusu Kiriku kohta\"}]},{\"@type\":\"WebSite\",\"@id\":\"https:\\\/\\\/www.eoc.ee\\\/#website\",\"url\":\"https:\\\/\\\/www.eoc.ee\\\/\",\"name\":\"\u00c9glise Orthodoxe d'Estonie\",\"description\":\"Eesti Apostlik-\u00d5igeusu Kirik\",\"potentialAction\":[{\"@type\":\"SearchAction\",\"target\":{\"@type\":\"EntryPoint\",\"urlTemplate\":\"https:\\\/\\\/www.eoc.ee\\\/?s={search_term_string}\"},\"query-input\":{\"@type\":\"PropertyValueSpecification\",\"valueRequired\":true,\"valueName\":\"search_term_string\"}}],\"inLanguage\":\"fr-FR\"}]}<\/script>\n<!-- \/ Yoast SEO plugin. -->","yoast_head_json":{"title":"\u00d5nnetus olla v\u00e4ike kirik v\u00e4ikesel maal. Teoloogiline t\u00f5de Eesti \u00d5igeusu Kiriku kohta &#8211; \u00c9glise Orthodoxe d'Estonie","robots":{"index":"index","follow":"follow","max-snippet":"max-snippet:-1","max-image-preview":"max-image-preview:large","max-video-preview":"max-video-preview:-1"},"canonical":"https:\/\/www.eoc.ee\/pood\/eestikeelne-kirjandus\/onnetus-olla-vaike-kirik-vaikesel-maal-teoloogiline-tode-eesti-oigeusu-kiriku-kohta\/","og_locale":"fr_FR","og_type":"article","og_title":"\u00d5nnetus olla v\u00e4ike kirik v\u00e4ikesel maal. Teoloogiline t\u00f5de Eesti \u00d5igeusu Kiriku kohta &#8211; \u00c9glise Orthodoxe d'Estonie","og_description":"Kanoonilise \u00f5iguse professor Grigorios Papathomas toob selles raamatus v\u00e4lja, et EA\u00d5K on autonoomse kirikuna olemas 1923. aastast ja tema autonoomiatomos taaskehtestati p\u00e4rast N\u00f5ukogude okupatsioonist tingitud vaheaega 1996. aastal, kuid Vene \u00d5igeusu Kirik pole seda tunnustanud vastavalt oma p\u00f5hikirjale, mis peab Eestit oma \"kanooniliseks territooriumiks\". Toetudes oma tugevatele teadmistele prof Grigorios Papathomas l\u00fckkab selle viimase v\u00e4ite \u00fcmber.","og_url":"https:\/\/www.eoc.ee\/pood\/eestikeelne-kirjandus\/onnetus-olla-vaike-kirik-vaikesel-maal-teoloogiline-tode-eesti-oigeusu-kiriku-kohta\/","og_site_name":"\u00c9glise Orthodoxe d'Estonie","og_image":[{"width":1000,"height":1580,"url":"https:\/\/www.eoc.ee\/wp-content\/uploads\/2021\/10\/IMG_7720.jpg","type":"image\/jpeg"}],"twitter_misc":{"Dur\u00e9e de lecture estim\u00e9e":"1 minute"},"schema":{"@context":"https:\/\/schema.org","@graph":[{"@type":"WebPage","@id":"https:\/\/www.eoc.ee\/pood\/eestikeelne-kirjandus\/onnetus-olla-vaike-kirik-vaikesel-maal-teoloogiline-tode-eesti-oigeusu-kiriku-kohta\/","url":"https:\/\/www.eoc.ee\/pood\/eestikeelne-kirjandus\/onnetus-olla-vaike-kirik-vaikesel-maal-teoloogiline-tode-eesti-oigeusu-kiriku-kohta\/","name":"\u00d5nnetus olla v\u00e4ike kirik v\u00e4ikesel maal. Teoloogiline t\u00f5de Eesti \u00d5igeusu Kiriku kohta &#8211; \u00c9glise Orthodoxe d'Estonie","isPartOf":{"@id":"https:\/\/www.eoc.ee\/#website"},"primaryImageOfPage":{"@id":"https:\/\/www.eoc.ee\/pood\/eestikeelne-kirjandus\/onnetus-olla-vaike-kirik-vaikesel-maal-teoloogiline-tode-eesti-oigeusu-kiriku-kohta\/#primaryimage"},"image":{"@id":"https:\/\/www.eoc.ee\/pood\/eestikeelne-kirjandus\/onnetus-olla-vaike-kirik-vaikesel-maal-teoloogiline-tode-eesti-oigeusu-kiriku-kohta\/#primaryimage"},"thumbnailUrl":"https:\/\/www.eoc.ee\/wp-content\/uploads\/2021\/10\/IMG_7720.jpg","datePublished":"2021-10-22T17:50:19+00:00","breadcrumb":{"@id":"https:\/\/www.eoc.ee\/pood\/eestikeelne-kirjandus\/onnetus-olla-vaike-kirik-vaikesel-maal-teoloogiline-tode-eesti-oigeusu-kiriku-kohta\/#breadcrumb"},"inLanguage":"fr-FR","potentialAction":[{"@type":"ReadAction","target":["https:\/\/www.eoc.ee\/pood\/eestikeelne-kirjandus\/onnetus-olla-vaike-kirik-vaikesel-maal-teoloogiline-tode-eesti-oigeusu-kiriku-kohta\/"]}]},{"@type":"ImageObject","inLanguage":"fr-FR","@id":"https:\/\/www.eoc.ee\/pood\/eestikeelne-kirjandus\/onnetus-olla-vaike-kirik-vaikesel-maal-teoloogiline-tode-eesti-oigeusu-kiriku-kohta\/#primaryimage","url":"https:\/\/www.eoc.ee\/wp-content\/uploads\/2021\/10\/IMG_7720.jpg","contentUrl":"https:\/\/www.eoc.ee\/wp-content\/uploads\/2021\/10\/IMG_7720.jpg","width":1000,"height":1580},{"@type":"BreadcrumbList","@id":"https:\/\/www.eoc.ee\/pood\/eestikeelne-kirjandus\/onnetus-olla-vaike-kirik-vaikesel-maal-teoloogiline-tode-eesti-oigeusu-kiriku-kohta\/#breadcrumb","itemListElement":[{"@type":"ListItem","position":1,"name":"Home","item":"https:\/\/www.eoc.ee\/"},{"@type":"ListItem","position":2,"name":"\u00d5nnetus olla v\u00e4ike kirik v\u00e4ikesel maal. Teoloogiline t\u00f5de Eesti \u00d5igeusu Kiriku kohta"}]},{"@type":"WebSite","@id":"https:\/\/www.eoc.ee\/#website","url":"https:\/\/www.eoc.ee\/","name":"\u00c9glise Orthodoxe d'Estonie","description":"Eesti Apostlik-\u00d5igeusu Kirik","potentialAction":[{"@type":"SearchAction","target":{"@type":"EntryPoint","urlTemplate":"https:\/\/www.eoc.ee\/?s={search_term_string}"},"query-input":{"@type":"PropertyValueSpecification","valueRequired":true,"valueName":"search_term_string"}}],"inLanguage":"fr-FR"}]}},"_links":{"self":[{"href":"https:\/\/www.eoc.ee\/fr\/wp-json\/wp\/v2\/product\/34453","targetHints":{"allow":["GET"]}}],"collection":[{"href":"https:\/\/www.eoc.ee\/fr\/wp-json\/wp\/v2\/product"}],"about":[{"href":"https:\/\/www.eoc.ee\/fr\/wp-json\/wp\/v2\/types\/product"}],"wp:featuredmedia":[{"embeddable":true,"href":"https:\/\/www.eoc.ee\/fr\/wp-json\/wp\/v2\/media\/34454"}],"wp:attachment":[{"href":"https:\/\/www.eoc.ee\/fr\/wp-json\/wp\/v2\/media?parent=34453"}],"wp:term":[{"taxonomy":"product_brand","embeddable":true,"href":"https:\/\/www.eoc.ee\/fr\/wp-json\/wp\/v2\/product_brand?post=34453"},{"taxonomy":"product_cat","embeddable":true,"href":"https:\/\/www.eoc.ee\/fr\/wp-json\/wp\/v2\/product_cat?post=34453"},{"taxonomy":"product_tag","embeddable":true,"href":"https:\/\/www.eoc.ee\/fr\/wp-json\/wp\/v2\/product_tag?post=34453"}],"curies":[{"name":"wp","href":"https:\/\/api.w.org\/{rel}","templated":true}]}}